{"id":4641,"date":"2023-04-15T10:02:12","date_gmt":"2023-04-15T08:02:12","guid":{"rendered":"https:\/\/lori.hr\/?page_id=4641"},"modified":"2026-01-30T13:41:48","modified_gmt":"2026-01-30T12:41:48","slug":"baza-strucnih-osoba","status":"publish","type":"page","link":"https:\/\/lori.hr\/en\/baza-strucnih-osoba\/","title":{"rendered":"Database of mental health professionals"},"content":{"rendered":"<div data-elementor-type=\"wp-page\" data-elementor-id=\"4641\" class=\"elementor elementor-4641\" data-elementor-post-type=\"page\">\n\t\t\t\t<div class=\"elementor-element elementor-element-9fcc94c navboja e-flex e-con-boxed e-con e-parent\" data-id=\"9fcc94c\" data-element_type=\"container\" data-settings=\"{&quot;background_background&quot;:&quot;classic&quot;}\">\n\t\t\t\t\t<div class=\"e-con-inner\">\n\t\t\t\t<div class=\"elementor-element elementor-element-a2b0cf2 elementor-widget elementor-widget-spacer\" data-id=\"a2b0cf2\" data-element_type=\"widget\" data-widget_type=\"spacer.default\">\n\t\t\t\t\t\t\t<div class=\"elementor-spacer\">\n\t\t\t<div class=\"elementor-spacer-inner\"><\/div>\n\t\t<\/div>\n\t\t\t\t\t\t<\/div>\n\t\t\t\t\t<\/div>\n\t\t\t\t<\/div>\n\t\t<div class=\"elementor-element elementor-element-690f6dd e-flex e-con-boxed e-con e-parent\" data-id=\"690f6dd\" data-element_type=\"container\">\n\t\t\t\t\t<div class=\"e-con-inner\">\n\t\t\t\t<div class=\"elementor-element elementor-element-7b54299 elementor-widget elementor-widget-spacer\" data-id=\"7b54299\" data-element_type=\"widget\" data-widget_type=\"spacer.default\">\n\t\t\t\t\t\t\t<div class=\"elementor-spacer\">\n\t\t\t<div class=\"elementor-spacer-inner\"><\/div>\n\t\t<\/div>\n\t\t\t\t\t\t<\/div>\n\t\t\t\t<div class=\"elementor-element elementor-element-d0ac7c4 elementor-widget elementor-widget-heading\" data-id=\"d0ac7c4\" data-element_type=\"widget\" data-widget_type=\"heading.default\">\n\t\t\t\t\t<h1 class=\"elementor-heading-title elementor-size-default\">Database of mental health professionals<\/h1>\t\t\t\t<\/div>\n\t\t\t\t<div class=\"elementor-element elementor-element-f35373b elementor-widget-divider--view-line elementor-widget elementor-widget-divider\" data-id=\"f35373b\" data-element_type=\"widget\" data-widget_type=\"divider.default\">\n\t\t\t\t\t\t\t<div class=\"elementor-divider\">\n\t\t\t<span class=\"elementor-divider-separator\">\n\t\t\t\t\t\t<\/span>\n\t\t<\/div>\n\t\t\t\t\t\t<\/div>\n\t\t\t\t<div class=\"elementor-element elementor-element-f846abf elementor-widget elementor-widget-spacer\" data-id=\"f846abf\" data-element_type=\"widget\" data-widget_type=\"spacer.default\">\n\t\t\t\t\t\t\t<div class=\"elementor-spacer\">\n\t\t\t<div class=\"elementor-spacer-inner\"><\/div>\n\t\t<\/div>\n\t\t\t\t\t\t<\/div>\n\t\t\t\t\t<\/div>\n\t\t\t\t<\/div>\n\t\t<div class=\"elementor-element elementor-element-6f35c5d e-flex e-con-boxed e-con e-parent\" data-id=\"6f35c5d\" data-element_type=\"container\">\n\t\t\t\t\t<div class=\"e-con-inner\">\n\t\t\t\t<div class=\"elementor-element elementor-element-16cca75 elementor-widget elementor-widget-text-editor\" data-id=\"16cca75\" data-element_type=\"widget\" data-widget_type=\"text-editor.default\">\n\t\t\t\t\t\t\t\t\t<p><strong>Below is the list of mental health professionals sensitised for working with LGBTIQ+ persons.<\/strong><\/p>\t\t\t\t\t\t\t\t<\/div>\n\t\t\t\t\t<\/div>\n\t\t\t\t<\/div>\n\t\t<div class=\"elementor-element elementor-element-8b4aba2 e-flex e-con-boxed e-con e-parent\" data-id=\"8b4aba2\" data-element_type=\"container\">\n\t\t\t\t\t<div class=\"e-con-inner\">\n\t\t<div class=\"elementor-element elementor-element-a01dc90 e-con-full e-flex e-con e-child\" data-id=\"a01dc90\" data-element_type=\"container\">\n\t\t\t\t<div class=\"elementor-element elementor-element-0ddcd0b link-color elementor-widget elementor-widget-toggle\" data-id=\"0ddcd0b\" data-element_type=\"widget\" data-widget_type=\"toggle.default\">\n\t\t\t\t\t\t\t<div class=\"elementor-toggle\">\n\t\t\t\t\t\t\t<div class=\"elementor-toggle-item\">\n\t\t\t\t\t<div id=\"elementor-tab-title-1451\" class=\"elementor-tab-title\" data-tab=\"1\" role=\"button\" aria-controls=\"elementor-tab-content-1451\" aria-expanded=\"false\">\n\t\t\t\t\t\t\t\t\t\t\t\t<span class=\"elementor-toggle-icon elementor-toggle-icon-left\" aria-hidden=\"true\">\n\t\t\t\t\t\t\t\t\t\t\t\t\t\t\t<span class=\"elementor-toggle-icon-closed\"><i class=\"fas fa-caret-right\"><\/i><\/span>\n\t\t\t\t\t\t\t\t<span class=\"elementor-toggle-icon-opened\"><i class=\"elementor-toggle-icon-opened fas fa-caret-up\"><\/i><\/span>\n\t\t\t\t\t\t\t\t\t\t\t\t\t<\/span>\n\t\t\t\t\t\t\t\t\t\t\t\t<a class=\"elementor-toggle-title\" tabindex=\"0\">City of Zagreb and Zagreb county<\/a>\n\t\t\t\t\t<\/div>\n\n\t\t\t\t\t<div id=\"elementor-tab-content-1451\" class=\"elementor-tab-content elementor-clearfix\" data-tab=\"1\" role=\"region\" aria-labelledby=\"elementor-tab-title-1451\"><ul><li style=\"list-style-type: none;\"><ul><li style=\"list-style-type: none;\"><ul><li><a href=\"https:\/\/lori.hr\/en\/iskorak-savjetovaliste\/\" target=\"_blank\" rel=\"noopener\">Iskorak savjetovali\u0161te<\/a> (Zagreb)<\/li><li><a href=\"https:\/\/lori.hr\/en\/psiholoski-centar-tesa\/\" target=\"_blank\" rel=\"noopener\">Psiholo\u0161ki centar TESA<\/a> (Zagreb)<\/li><li><a href=\"https:\/\/lori.hr\/en\/psihoplanet\/\" target=\"_blank\" rel=\"noopener\">PsihoPLANET Centar za savjetovanje, edukaciju i osobni razvoj<\/a> (Zagreb)<\/li><li><a href=\"https:\/\/lori.hr\/en\/udruga-plavi-telefon\/\" target=\"_blank\" rel=\"noopener\">Udruga Plavi telefon<\/a> (Zagreb)<\/li><li><a href=\"https:\/\/lori.hr\/en\/iva-zegura\/\" target=\"_blank\" rel=\"noopener\">Iva \u017degura<\/a> (Zagreb)<\/li><li><a href=\"https:\/\/lori.hr\/en\/marina-stambuk\/\" target=\"_blank\" rel=\"noopener\">Marina \u0160tambuk<\/a> (Zagreb)<\/li><li><a href=\"https:\/\/lori.hr\/en\/mateo-popov\/\" target=\"_blank\" rel=\"noopener\">Mateo Popov<\/a> (Zagreb)<\/li><li><a href=\"https:\/\/lori.hr\/en\/tomica-scavina\/\" target=\"_blank\" rel=\"noopener\">Tomica \u0160\u010davina<\/a> (Zagreb)<\/li><li><a href=\"https:\/\/lori.hr\/en\/renata-dond-perkovic\/\" target=\"_blank\" rel=\"noopener\">Renata \u0110on\u0111 Perkovi\u0107<\/a> (Zagreb)<\/li><li><a href=\"https:\/\/lori.hr\/en\/martina-carija\/\" target=\"_blank\" rel=\"noopener\">Martina \u010carija<\/a> (Zagreb)<\/li><li><a href=\"https:\/\/lori.hr\/en\/ljiljana-bastaic\/\" target=\"_blank\" rel=\"noopener\">Ljiljana Bastai\u0107<\/a> (Zagreb)<\/li><li><a href=\"https:\/\/lori.hr\/en\/tanja-prekodravac\/\" target=\"_blank\" rel=\"noopener\">Tanja Prekodravac<\/a> (Zagreb)<\/li><li><a href=\"https:\/\/lori.hr\/en\/nikica-hamer-vidmar\/\" target=\"_blank\" rel=\"noopener\">Nikica Hamer Vidmar<\/a> (Zagreb)<\/li><li><a href=\"https:\/\/lori.hr\/en\/iskra-pejic\/\" target=\"_blank\" rel=\"noopener\">Iskra Peji\u0107<\/a> (Zagreb)<\/li><li><a href=\"https:\/\/lori.hr\/en\/jasna-belamaric\/\" target=\"_blank\" rel=\"noopener\">Jasna Belamari\u0107<\/a> (Zagreb)<\/li><li><a href=\"https:\/\/lori.hr\/en\/antonija-maricic\/\" target=\"_blank\" rel=\"noopener\">Antonija Mari\u010di\u0107<\/a> (Zagreb)<\/li><li><a href=\"https:\/\/lori.hr\/en\/ana-milcic\/\" target=\"_blank\" rel=\"noopener\">Ana Mil\u010di\u0107<\/a> (Zagreb)<\/li><li><a href=\"https:\/\/lori.hr\/en\/sanja-belak-kovacevic\/\" target=\"_blank\" rel=\"noopener\">Sanja Belak Kova\u010devi\u0107<\/a> (Zagreb)<\/li><li><a href=\"https:\/\/lori.hr\/en\/dragica-viskovic\/\" target=\"_blank\" rel=\"noopener\">Dragica Viskovi\u0107<\/a> (Zagreb)<\/li><li><a href=\"https:\/\/lori.hr\/en\/goranka-lugomer-armano\/\" target=\"_blank\" rel=\"noopener\">Goranka Lugomer Armano<\/a> (Zagreb)<\/li><li><a href=\"https:\/\/lori.hr\/en\/ana-plesa\/\" target=\"_blank\" rel=\"noopener\">Ana Ple\u0161a<\/a> (Zagreb)<\/li><li><a href=\"https:\/\/lori.hr\/en\/zdravka-culig\/\" target=\"_blank\" rel=\"noopener\">Zdravka \u010culig<\/a> (Samobor)<\/li><li><a href=\"https:\/\/lori.hr\/en\/bernardica-franjic-nad\/\" target=\"_blank\" rel=\"noopener\">Bernardica Franji\u0107 Na\u0111<\/a> (Zagreb)<\/li><li><a href=\"https:\/\/lori.hr\/en\/lucija-zigrovic\/\" target=\"_blank\" rel=\"noopener\">Lucija \u017digrovi\u0107<\/a> (Zagreb)<\/li><li><a href=\"https:\/\/lori.hr\/en\/jasmina-sockovic\/\" target=\"_blank\" rel=\"noopener\">Jasmina So\u010dkovi\u0107<\/a> (Zagreb)<\/li><li><a href=\"https:\/\/lori.hr\/en\/maja-tadic\/\" target=\"_blank\" rel=\"noopener\">Maja Tadi\u0107<\/a> (Zagreb)<\/li><li><a href=\"https:\/\/lori.hr\/en\/drazen-klaric\/\" target=\"_blank\" rel=\"noopener\">Dra\u017een Klari\u0107<\/a> (Zagreb i Velika Gorica)<\/li><li><a href=\"https:\/\/lori.hr\/en\/dragutin-vuckovic\/\" target=\"_blank\" rel=\"noopener\">Dragutin Vu\u010dkovi\u0107<\/a> (Jastrebarsko)<\/li><li><a href=\"https:\/\/lori.hr\/en\/damir-ostarcevic\/\" target=\"_blank\" rel=\"noopener\">Damir O\u0161tar\u010devi\u0107<\/a> (Zagreb)<\/li><li><a href=\"https:\/\/lori.hr\/en\/ivana-delac\/\" target=\"_blank\" rel=\"noopener\">Ivana Dela\u010d<\/a> (Zagreb)<\/li><li><a href=\"https:\/\/lori.hr\/en\/dea-ajdukovic\/\" target=\"_blank\" rel=\"noopener\">Dea Ajdukovi\u0107<\/a> (Zagreb)<\/li><li><a href=\"https:\/\/lori.hr\/en\/bozena-razlog\/\" target=\"_blank\" rel=\"noopener\">Bo\u017eena Razlog<\/a> (Zagreb)<\/li><li><a href=\"https:\/\/lori.hr\/en\/petra-matkovic\/\" target=\"_blank\" rel=\"noopener\">Petra Matkovi\u0107<\/a> (Zagreb)<\/li><li><a href=\"https:\/\/lori.hr\/en\/maja-erceg-tusek\/\" target=\"_blank\" rel=\"noopener\">Maja Erceg Tu\u0161ek<\/a> (Zagreb)<\/li><li><a href=\"https:\/\/lori.hr\/en\/sanja-jagaric-nola\/\" target=\"_blank\" rel=\"noopener\">Sanja Jagari\u0107 Nola<\/a> (Zagreb)<\/li><li><a href=\"https:\/\/lori.hr\/en\/vesna-katalinic\/\" target=\"_blank\" rel=\"noopener\">Vesna Katalini\u0107<\/a> (Zagreb)<\/li><li><a href=\"https:\/\/lori.hr\/en\/ante-zupic\/\" target=\"_blank\" rel=\"noopener\">Ante \u017dupi\u0107<\/a> (Zagreb)<\/li><li><a href=\"https:\/\/lori.hr\/en\/petra-cec\/\" target=\"_blank\" rel=\"noopener\">Petra \u010ce\u010d<\/a> (Zagreb)<\/li><li><a href=\"https:\/\/lori.hr\/en\/tanja-dejanovic-sagadin\/\" target=\"_blank\" rel=\"noopener\">Tanja Dejanovi\u0107 \u0160agadin<\/a> (Zagreb)<\/li><li><a href=\"https:\/\/lori.hr\/en\/anamarija-vuic\/\" target=\"_blank\" rel=\"noopener\">Anamarija Vui\u0107<\/a> (Zagreb)<\/li><li><a href=\"https:\/\/lori.hr\/en\/jasmina-tofant-reljic\/\" target=\"_blank\" rel=\"noopener\">Jasmina Tofant Relji\u0107<\/a> (Zagreb)<\/li><li><a href=\"https:\/\/lori.hr\/en\/renata-debartoli\/\" target=\"_blank\" rel=\"noopener\">Renata Debartoli<\/a> (Zagreb)<\/li><li><a href=\"https:\/\/lori.hr\/en\/davor-dubravic\/\" target=\"_blank\" rel=\"noopener\">Davor Dubravi\u0107<\/a> (Zagreb)<\/li><li><a href=\"https:\/\/lori.hr\/en\/helena-dukic\/\" target=\"_blank\" rel=\"noopener\">Helena Duki\u0107<\/a> (Zagreb)<\/li><li><a href=\"https:\/\/lori.hr\/en\/tereza-oreb\/\" target=\"_blank\" rel=\"noopener\">Tereza Oreb<\/a> (Zagreb)<\/li><li><a href=\"https:\/\/lori.hr\/en\/lejla-talic\/\" target=\"_blank\" rel=\"noopener\">Lejla Tali\u0107<\/a> (Zagreb)<\/li><li><a href=\"https:\/\/lori.hr\/en\/vanja-tocakovic\/\" target=\"_blank\" rel=\"noopener\">Vanja To\u010dakovi\u0107<\/a> (Zagreb)<\/li><li><a href=\"https:\/\/lori.hr\/en\/lana-gjuric\/\" target=\"_blank\" rel=\"noopener\">Lana Gjuri\u0107<\/a> (Zagreb)<\/li><li><a href=\"https:\/\/lori.hr\/en\/sladana-bojic-andric\/\" target=\"_blank\" rel=\"noopener\">Sla\u0111ana Boji\u0107 Andri\u0107<\/a> (Zagreb)<\/li><li><a href=\"https:\/\/lori.hr\/en\/branka-paljetak\/\" target=\"_blank\" rel=\"noopener\">Branka Paljetak<\/a> (Zagreb)<\/li><li><a href=\"https:\/\/lori.hr\/en\/mina-dordevic\/\" target=\"_blank\" rel=\"noopener\">Mina \u0110or\u0111evi\u0107<\/a> (Zagreb)<\/li><li><a href=\"https:\/\/lori.hr\/en\/ivona-hemen\/\" target=\"_blank\" rel=\"noopener\">Ivona Hemen <\/a>(Zagreb)<\/li><li><a href=\"https:\/\/lori.hr\/en\/tea-lucic\/\" target=\"_blank\" rel=\"noopener\">Tea Lu\u010di\u0107<\/a> (Zagreb)<\/li><li><a href=\"https:\/\/lori.hr\/en\/dino-antunovic\/\" target=\"_blank\" rel=\"noopener\">Dino Antunovi\u0107<\/a> (Zagreb\/Berlin)<\/li><li><a href=\"https:\/\/lori.hr\/en\/marcela-milkovic\/\" target=\"_blank\" rel=\"noopener\">Marcela Milkovi\u0107<\/a> (Zagreb)<\/li><li><a href=\"https:\/\/lori.hr\/en\/goran-tomas\/\" target=\"_blank\" rel=\"noopener\">Goran Toma\u0161<\/a> (Zagreb)<\/li><li><a href=\"https:\/\/lori.hr\/en\/mateo-strbic\/\" target=\"_blank\" rel=\"noopener\">Mateo \u0160trbi\u0107<\/a> (Zagreb)<\/li><li><a href=\"https:\/\/lori.hr\/en\/ivona-zelenika\/\" target=\"_blank\" rel=\"noopener\">Ivona Zelenika<\/a> (Zagreb)<\/li><li><a href=\"https:\/\/lori.hr\/en\/boris-miletic\/\" target=\"_blank\" rel=\"noopener\">Boris Mileti\u0107<\/a> (Zagreb)<\/li><li><a href=\"https:\/\/lori.hr\/en\/lucija-paic-gotovac\/\" target=\"_blank\" rel=\"noopener\">Lucija Pai\u0107 Gotovac<\/a> (Zagreb)<\/li><li><a href=\"https:\/\/lori.hr\/en\/martina-staznik\/\" target=\"_blank\" rel=\"noopener\">Martina Sta\u017enik<\/a> (Jastrebarsko\/Zagreb)<\/li><li><a href=\"https:\/\/lori.hr\/en\/karla-tomic\/\" target=\"_blank\" rel=\"noopener\">Karla Tomi\u0107<\/a> (Zagreb)<\/li><li><p class=\"elementor-heading-title elementor-size-xl\"><a href=\"https:\/\/lori.hr\/en\/jelena-posavec-smilovic\/\" target=\"_blank\" rel=\"noopener\">Jelena Posavec Smilovi\u0107<\/a> (Zagreb)<\/p><\/li><\/ul><\/li><\/ul><\/li><\/ul><\/div>\n\t\t\t\t<\/div>\n\t\t\t\t\t\t\t<div class=\"elementor-toggle-item\">\n\t\t\t\t\t<div id=\"elementor-tab-title-1452\" class=\"elementor-tab-title\" data-tab=\"2\" role=\"button\" aria-controls=\"elementor-tab-content-1452\" aria-expanded=\"false\">\n\t\t\t\t\t\t\t\t\t\t\t\t<span class=\"elementor-toggle-icon elementor-toggle-icon-left\" aria-hidden=\"true\">\n\t\t\t\t\t\t\t\t\t\t\t\t\t\t\t<span class=\"elementor-toggle-icon-closed\"><i class=\"fas fa-caret-right\"><\/i><\/span>\n\t\t\t\t\t\t\t\t<span class=\"elementor-toggle-icon-opened\"><i class=\"elementor-toggle-icon-opened fas fa-caret-up\"><\/i><\/span>\n\t\t\t\t\t\t\t\t\t\t\t\t\t<\/span>\n\t\t\t\t\t\t\t\t\t\t\t\t<a class=\"elementor-toggle-title\" tabindex=\"0\">Primorje-Gorski Kotar county<\/a>\n\t\t\t\t\t<\/div>\n\n\t\t\t\t\t<div id=\"elementor-tab-content-1452\" class=\"elementor-tab-content elementor-clearfix\" data-tab=\"2\" role=\"region\" aria-labelledby=\"elementor-tab-title-1452\"><ul><li style=\"list-style-type: none;\"><ul><li style=\"list-style-type: none;\"><ul><li><a href=\"https:\/\/lori.hr\/en\/lezbijska-organizacija-rijeka-lori\/\" target=\"_blank\" rel=\"noopener\">Lezbijska organizacija Rijeka &#8220;LORI&#8221;<\/a><\/li><li><a href=\"https:\/\/lori.hr\/en\/snjezana-bozic\/\" target=\"_blank\" rel=\"noopener\">Snje\u017eana Bo\u017ei\u0107<\/a> (Rijeka)<\/li><li><a href=\"https:\/\/lori.hr\/en\/jasminka-juretic\/\" target=\"_blank\" rel=\"noopener\">Jasminka Jureti\u0107<\/a> (Rijeka)<\/li><li><a href=\"https:\/\/lori.hr\/en\/gorana-birovljevic\/\" target=\"_blank\" rel=\"noopener\">Gorana Birovljevi\u0107<\/a> (Rijeka)<\/li><li><a href=\"https:\/\/lori.hr\/en\/tea-juretic\/\" target=\"_blank\" rel=\"noopener\">Tea Jureti\u0107<\/a> (Rijeka)<\/li><li><a href=\"https:\/\/lori.hr\/en\/zrinka-ricka-zauhar\/\" target=\"_blank\" rel=\"noopener\">Zrinka Ri\u010dka \u017dauhar<\/a> (Rijeka)<\/li><li><a href=\"https:\/\/lori.hr\/en\/inka-miskulin\/\" target=\"_blank\" rel=\"noopener\">Inka Mi\u0161kulin<\/a> (Rijeka)<\/li><li><a href=\"https:\/\/lori.hr\/en\/mira-verunica\/\" target=\"_blank\" rel=\"noopener\">Mira Verunica<\/a> (Opatija)<\/li><li><a href=\"https:\/\/lori.hr\/en\/daina-udovicich-corelli\/\" target=\"_blank\" rel=\"noopener\">Daina Udovicich Corelli<\/a> (Rijeka)<\/li><li><a href=\"https:\/\/lori.hr\/en\/paola-levacic\/\" target=\"_blank\" rel=\"noopener\">Paola Leva\u010di\u0107<\/a> (Nottingham, UK\/Rijeka)<\/li><li><a href=\"https:\/\/lori.hr\/en\/ivona-mladina\/\" target=\"_blank\" rel=\"noopener\">Ivona Mladina<\/a> (Rijeka)<\/li><li><a href=\"https:\/\/lori.hr\/en\/ana-marija-lusicic\/\" target=\"_blank\" rel=\"noopener\">Ana-Marija Lu\u0161i\u010di\u0107<\/a> (Rijeka)<\/li><li><a href=\"https:\/\/lori.hr\/en\/marina-marghetti\/\" target=\"_blank\" rel=\"noopener\">Marina Marghetti<\/a> (Rijeka i Malinska)<\/li><\/ul><\/li><\/ul><\/li><\/ul><\/div>\n\t\t\t\t<\/div>\n\t\t\t\t\t\t\t<div class=\"elementor-toggle-item\">\n\t\t\t\t\t<div id=\"elementor-tab-title-1453\" class=\"elementor-tab-title\" data-tab=\"3\" role=\"button\" aria-controls=\"elementor-tab-content-1453\" aria-expanded=\"false\">\n\t\t\t\t\t\t\t\t\t\t\t\t<span class=\"elementor-toggle-icon elementor-toggle-icon-left\" aria-hidden=\"true\">\n\t\t\t\t\t\t\t\t\t\t\t\t\t\t\t<span class=\"elementor-toggle-icon-closed\"><i class=\"fas fa-caret-right\"><\/i><\/span>\n\t\t\t\t\t\t\t\t<span class=\"elementor-toggle-icon-opened\"><i class=\"elementor-toggle-icon-opened fas fa-caret-up\"><\/i><\/span>\n\t\t\t\t\t\t\t\t\t\t\t\t\t<\/span>\n\t\t\t\t\t\t\t\t\t\t\t\t<a class=\"elementor-toggle-title\" tabindex=\"0\">Zadar county<\/a>\n\t\t\t\t\t<\/div>\n\n\t\t\t\t\t<div id=\"elementor-tab-content-1453\" class=\"elementor-tab-content elementor-clearfix\" data-tab=\"3\" role=\"region\" aria-labelledby=\"elementor-tab-title-1453\"><ul><li style=\"list-style-type: none;\"><ul><li style=\"list-style-type: none;\"><ul><li><a href=\"https:\/\/lori.hr\/en\/marina-milivojevic\/\" target=\"_blank\" rel=\"noopener\">Marina Milivojevi\u0107<\/a> (Zadar)<\/li><li><a href=\"https:\/\/lori.hr\/en\/marina-nekic\/\" target=\"_blank\" rel=\"noopener\">Marina Neki\u0107<\/a> (Zadar)<\/li><li><a href=\"https:\/\/lori.hr\/en\/alan-medic\/\" target=\"_blank\" rel=\"noopener\">Alan Medi\u0107<\/a> (Zadar)<\/li><li><a href=\"https:\/\/lori.hr\/en\/renata-drazovic\/\" target=\"_blank\" rel=\"noopener\">Renata Dra\u017eovi\u0107<\/a> (Zadar)<\/li><li><a href=\"https:\/\/lori.hr\/en\/silvana-ceko-jurisic\/\" target=\"_blank\" rel=\"noopener\">Silvana \u010ceko Juri\u0161i\u0107<\/a> (Zadar)<\/li><li><a href=\"https:\/\/lori.hr\/en\/ivica-milanja\/\" target=\"_blank\" rel=\"noopener\">Ivica Milanja<\/a> (Zadar)<\/li><li><a href=\"https:\/\/lori.hr\/en\/melita-jerolimov\/\" target=\"_blank\" rel=\"noopener\">Melita Jerolimov<\/a> (Zadar)<\/li><li><a href=\"https:\/\/lori.hr\/en\/nera-birkic\/\" target=\"_blank\" rel=\"noopener\">Nera Birki\u0107<\/a> (Zadar)<\/li><li><a href=\"https:\/\/lori.hr\/en\/ivana-susa\/\" target=\"_blank\" rel=\"noopener\">Ivana \u0160u\u0161a<\/a> (Zadar)<\/li><\/ul><\/li><\/ul><\/li><\/ul><\/div>\n\t\t\t\t<\/div>\n\t\t\t\t\t\t\t<div class=\"elementor-toggle-item\">\n\t\t\t\t\t<div id=\"elementor-tab-title-1454\" class=\"elementor-tab-title\" data-tab=\"4\" role=\"button\" aria-controls=\"elementor-tab-content-1454\" aria-expanded=\"false\">\n\t\t\t\t\t\t\t\t\t\t\t\t<span class=\"elementor-toggle-icon elementor-toggle-icon-left\" aria-hidden=\"true\">\n\t\t\t\t\t\t\t\t\t\t\t\t\t\t\t<span class=\"elementor-toggle-icon-closed\"><i class=\"fas fa-caret-right\"><\/i><\/span>\n\t\t\t\t\t\t\t\t<span class=\"elementor-toggle-icon-opened\"><i class=\"elementor-toggle-icon-opened fas fa-caret-up\"><\/i><\/span>\n\t\t\t\t\t\t\t\t\t\t\t\t\t<\/span>\n\t\t\t\t\t\t\t\t\t\t\t\t<a class=\"elementor-toggle-title\" tabindex=\"0\">Osijek-Baranja county<\/a>\n\t\t\t\t\t<\/div>\n\n\t\t\t\t\t<div id=\"elementor-tab-content-1454\" class=\"elementor-tab-content elementor-clearfix\" data-tab=\"4\" role=\"region\" aria-labelledby=\"elementor-tab-title-1454\"><ul><li style=\"list-style-type: none;\"><ul><li style=\"list-style-type: none;\"><ul><li><a href=\"https:\/\/lori.hr\/en\/dusanka-peles-brasun\/\" target=\"_blank\" rel=\"noopener\">Du\u0161anka Pele\u0161 &#8211; Bra\u0161un<\/a> (Osijek)<\/li><li><a href=\"https:\/\/lori.hr\/en\/lara-cakic\/\" target=\"_blank\" rel=\"noopener\">Lara Caki\u0107<\/a> (Osijek)<\/li><li><a href=\"https:\/\/lori.hr\/en\/marina-matic-tandaric\/\" target=\"_blank\" rel=\"noopener\">Marina Mati\u0107 Tandari\u0107<\/a> (Osijek)<\/li><li><a href=\"https:\/\/lori.hr\/en\/zvoncica-kucanda\/\" target=\"_blank\" rel=\"noopener\">Zvon\u010dica Ku\u010danda<\/a> (Osijek)<\/li><\/ul><\/li><\/ul><\/li><\/ul><\/div>\n\t\t\t\t<\/div>\n\t\t\t\t\t\t\t<div class=\"elementor-toggle-item\">\n\t\t\t\t\t<div id=\"elementor-tab-title-1455\" class=\"elementor-tab-title\" data-tab=\"5\" role=\"button\" aria-controls=\"elementor-tab-content-1455\" aria-expanded=\"false\">\n\t\t\t\t\t\t\t\t\t\t\t\t<span class=\"elementor-toggle-icon elementor-toggle-icon-left\" aria-hidden=\"true\">\n\t\t\t\t\t\t\t\t\t\t\t\t\t\t\t<span class=\"elementor-toggle-icon-closed\"><i class=\"fas fa-caret-right\"><\/i><\/span>\n\t\t\t\t\t\t\t\t<span class=\"elementor-toggle-icon-opened\"><i class=\"elementor-toggle-icon-opened fas fa-caret-up\"><\/i><\/span>\n\t\t\t\t\t\t\t\t\t\t\t\t\t<\/span>\n\t\t\t\t\t\t\t\t\t\t\t\t<a class=\"elementor-toggle-title\" tabindex=\"0\">Vara\u017edin county<\/a>\n\t\t\t\t\t<\/div>\n\n\t\t\t\t\t<div id=\"elementor-tab-content-1455\" class=\"elementor-tab-content elementor-clearfix\" data-tab=\"5\" role=\"region\" aria-labelledby=\"elementor-tab-title-1455\"><ul><li style=\"list-style-type: none;\"><ul><li style=\"list-style-type: none;\"><ul><li><a href=\"https:\/\/lori.hr\/en\/monika-melnjak\/\" target=\"_blank\" rel=\"noopener\">Monika Melnjak<\/a> (Vara\u017edin)<\/li><li><a href=\"https:\/\/lori.hr\/en\/nebojsa-bucanovac\/\" target=\"_blank\" rel=\"noopener\">Neboj\u0161a Bu\u0107anovac<\/a> (Vara\u017edin)<\/li><\/ul><\/li><\/ul><\/li><\/ul><\/div>\n\t\t\t\t<\/div>\n\t\t\t\t\t\t\t<div class=\"elementor-toggle-item\">\n\t\t\t\t\t<div id=\"elementor-tab-title-1456\" class=\"elementor-tab-title\" data-tab=\"6\" role=\"button\" aria-controls=\"elementor-tab-content-1456\" aria-expanded=\"false\">\n\t\t\t\t\t\t\t\t\t\t\t\t<span class=\"elementor-toggle-icon elementor-toggle-icon-left\" aria-hidden=\"true\">\n\t\t\t\t\t\t\t\t\t\t\t\t\t\t\t<span class=\"elementor-toggle-icon-closed\"><i class=\"fas fa-caret-right\"><\/i><\/span>\n\t\t\t\t\t\t\t\t<span class=\"elementor-toggle-icon-opened\"><i class=\"elementor-toggle-icon-opened fas fa-caret-up\"><\/i><\/span>\n\t\t\t\t\t\t\t\t\t\t\t\t\t<\/span>\n\t\t\t\t\t\t\t\t\t\t\t\t<a class=\"elementor-toggle-title\" tabindex=\"0\">Split-Dalmatian county<\/a>\n\t\t\t\t\t<\/div>\n\n\t\t\t\t\t<div id=\"elementor-tab-content-1456\" class=\"elementor-tab-content elementor-clearfix\" data-tab=\"6\" role=\"region\" aria-labelledby=\"elementor-tab-title-1456\"><ul><li style=\"list-style-type: none;\"><ul><li style=\"list-style-type: none;\"><ul><li><a href=\"https:\/\/lori.hr\/en\/lgbt-centar-split-queer-sport-split\/\" target=\"_blank\" rel=\"noopener\">LGBT Centar Split, Queer Sport Split<\/a><\/li><li><a href=\"https:\/\/lori.hr\/en\/ana-drnasin\/\" target=\"_blank\" rel=\"noopener\">Ana Drna\u0161in<\/a> (Split)<\/li><li><a href=\"https:\/\/lori.hr\/en\/nikica-gotovac\/\" target=\"_blank\" rel=\"noopener\">Nikica Gotovac<\/a> (Trogir)<\/li><\/ul><\/li><\/ul><\/li><\/ul><\/div>\n\t\t\t\t<\/div>\n\t\t\t\t\t\t\t<div class=\"elementor-toggle-item\">\n\t\t\t\t\t<div id=\"elementor-tab-title-1457\" class=\"elementor-tab-title\" data-tab=\"7\" role=\"button\" aria-controls=\"elementor-tab-content-1457\" aria-expanded=\"false\">\n\t\t\t\t\t\t\t\t\t\t\t\t<span class=\"elementor-toggle-icon elementor-toggle-icon-left\" aria-hidden=\"true\">\n\t\t\t\t\t\t\t\t\t\t\t\t\t\t\t<span class=\"elementor-toggle-icon-closed\"><i class=\"fas fa-caret-right\"><\/i><\/span>\n\t\t\t\t\t\t\t\t<span class=\"elementor-toggle-icon-opened\"><i class=\"elementor-toggle-icon-opened fas fa-caret-up\"><\/i><\/span>\n\t\t\t\t\t\t\t\t\t\t\t\t\t<\/span>\n\t\t\t\t\t\t\t\t\t\t\t\t<a class=\"elementor-toggle-title\" tabindex=\"0\">Po\u017eega-Slavonia county<\/a>\n\t\t\t\t\t<\/div>\n\n\t\t\t\t\t<div id=\"elementor-tab-content-1457\" class=\"elementor-tab-content elementor-clearfix\" data-tab=\"7\" role=\"region\" aria-labelledby=\"elementor-tab-title-1457\"><ul><li style=\"list-style-type: none;\"><ul><li style=\"list-style-type: none;\"><ul><li><a href=\"https:\/\/lori.hr\/en\/anita-savic\/\" target=\"_blank\" rel=\"noopener\">Anita Savi\u0107<\/a> (Tre\u0161tanovci)<\/li><li><a href=\"https:\/\/lori.hr\/en\/sanja-samardzija\/\" target=\"_blank\" rel=\"noopener\">Sanja Samard\u017eija<\/a> (Po\u017eega)<\/li><\/ul><\/li><\/ul><\/li><\/ul><\/div>\n\t\t\t\t<\/div>\n\t\t\t\t\t\t\t<div class=\"elementor-toggle-item\">\n\t\t\t\t\t<div id=\"elementor-tab-title-1458\" class=\"elementor-tab-title\" data-tab=\"8\" role=\"button\" aria-controls=\"elementor-tab-content-1458\" aria-expanded=\"false\">\n\t\t\t\t\t\t\t\t\t\t\t\t<span class=\"elementor-toggle-icon elementor-toggle-icon-left\" aria-hidden=\"true\">\n\t\t\t\t\t\t\t\t\t\t\t\t\t\t\t<span class=\"elementor-toggle-icon-closed\"><i class=\"fas fa-caret-right\"><\/i><\/span>\n\t\t\t\t\t\t\t\t<span class=\"elementor-toggle-icon-opened\"><i class=\"elementor-toggle-icon-opened fas fa-caret-up\"><\/i><\/span>\n\t\t\t\t\t\t\t\t\t\t\t\t\t<\/span>\n\t\t\t\t\t\t\t\t\t\t\t\t<a class=\"elementor-toggle-title\" tabindex=\"0\">Istria county<\/a>\n\t\t\t\t\t<\/div>\n\n\t\t\t\t\t<div id=\"elementor-tab-content-1458\" class=\"elementor-tab-content elementor-clearfix\" data-tab=\"8\" role=\"region\" aria-labelledby=\"elementor-tab-title-1458\"><ul><li style=\"list-style-type: none;\"><ul><li style=\"list-style-type: none;\"><ul><li><a href=\"https:\/\/lori.hr\/en\/vlatka-jurcan-gawlik\/\" target=\"_blank\" rel=\"noopener\">Vlatka Jurcan-Gawlik<\/a> (Pula)<\/li><li><a href=\"https:\/\/lori.hr\/en\/marina-banko\/\" target=\"_blank\" rel=\"noopener\">Marina Banko<\/a> (Pore\u010d)<\/li><\/ul><\/li><\/ul><\/li><\/ul><\/div>\n\t\t\t\t<\/div>\n\t\t\t\t\t\t\t<div class=\"elementor-toggle-item\">\n\t\t\t\t\t<div id=\"elementor-tab-title-1459\" class=\"elementor-tab-title\" data-tab=\"9\" role=\"button\" aria-controls=\"elementor-tab-content-1459\" aria-expanded=\"false\">\n\t\t\t\t\t\t\t\t\t\t\t\t<span class=\"elementor-toggle-icon elementor-toggle-icon-left\" aria-hidden=\"true\">\n\t\t\t\t\t\t\t\t\t\t\t\t\t\t\t<span class=\"elementor-toggle-icon-closed\"><i class=\"fas fa-caret-right\"><\/i><\/span>\n\t\t\t\t\t\t\t\t<span class=\"elementor-toggle-icon-opened\"><i class=\"elementor-toggle-icon-opened fas fa-caret-up\"><\/i><\/span>\n\t\t\t\t\t\t\t\t\t\t\t\t\t<\/span>\n\t\t\t\t\t\t\t\t\t\t\t\t<a class=\"elementor-toggle-title\" tabindex=\"0\">Krapina-Zagorje county<\/a>\n\t\t\t\t\t<\/div>\n\n\t\t\t\t\t<div id=\"elementor-tab-content-1459\" class=\"elementor-tab-content elementor-clearfix\" data-tab=\"9\" role=\"region\" aria-labelledby=\"elementor-tab-title-1459\"><ul><li style=\"list-style-type: none;\"><ul><li style=\"list-style-type: none;\"><ul><li><a href=\"https:\/\/lori.hr\/en\/marina-sviben-druzinec\/\" target=\"_blank\" rel=\"noopener\">Marina Sviben Dru\u017einec<\/a> (Donja Stubica)<\/li><\/ul><\/li><\/ul><\/li><\/ul><\/div>\n\t\t\t\t<\/div>\n\t\t\t\t\t\t\t<div class=\"elementor-toggle-item\">\n\t\t\t\t\t<div id=\"elementor-tab-title-14510\" class=\"elementor-tab-title\" data-tab=\"10\" role=\"button\" aria-controls=\"elementor-tab-content-14510\" aria-expanded=\"false\">\n\t\t\t\t\t\t\t\t\t\t\t\t<span class=\"elementor-toggle-icon elementor-toggle-icon-left\" aria-hidden=\"true\">\n\t\t\t\t\t\t\t\t\t\t\t\t\t\t\t<span class=\"elementor-toggle-icon-closed\"><i class=\"fas fa-caret-right\"><\/i><\/span>\n\t\t\t\t\t\t\t\t<span class=\"elementor-toggle-icon-opened\"><i class=\"elementor-toggle-icon-opened fas fa-caret-up\"><\/i><\/span>\n\t\t\t\t\t\t\t\t\t\t\t\t\t<\/span>\n\t\t\t\t\t\t\t\t\t\t\t\t<a class=\"elementor-toggle-title\" tabindex=\"0\">Sisak-Moslavina county<\/a>\n\t\t\t\t\t<\/div>\n\n\t\t\t\t\t<div id=\"elementor-tab-content-14510\" class=\"elementor-tab-content elementor-clearfix\" data-tab=\"10\" role=\"region\" aria-labelledby=\"elementor-tab-title-14510\"><ul><li style=\"list-style-type: none;\"><ul><li style=\"list-style-type: none;\"><ul><li><a href=\"https:\/\/lori.hr\/en\/jasna-spoljaric\/\" target=\"_blank\" rel=\"noopener\">Jasna \u0160poljari\u0107<\/a> (Lekenik)<\/li><\/ul><\/li><\/ul><\/li><\/ul><\/div>\n\t\t\t\t<\/div>\n\t\t\t\t\t\t\t<div class=\"elementor-toggle-item\">\n\t\t\t\t\t<div id=\"elementor-tab-title-14511\" class=\"elementor-tab-title\" data-tab=\"11\" role=\"button\" aria-controls=\"elementor-tab-content-14511\" aria-expanded=\"false\">\n\t\t\t\t\t\t\t\t\t\t\t\t<span class=\"elementor-toggle-icon elementor-toggle-icon-left\" aria-hidden=\"true\">\n\t\t\t\t\t\t\t\t\t\t\t\t\t\t\t<span class=\"elementor-toggle-icon-closed\"><i class=\"fas fa-caret-right\"><\/i><\/span>\n\t\t\t\t\t\t\t\t<span class=\"elementor-toggle-icon-opened\"><i class=\"elementor-toggle-icon-opened fas fa-caret-up\"><\/i><\/span>\n\t\t\t\t\t\t\t\t\t\t\t\t\t<\/span>\n\t\t\t\t\t\t\t\t\t\t\t\t<a class=\"elementor-toggle-title\" tabindex=\"0\">Dubrovnik-Neretva county<\/a>\n\t\t\t\t\t<\/div>\n\n\t\t\t\t\t<div id=\"elementor-tab-content-14511\" class=\"elementor-tab-content elementor-clearfix\" data-tab=\"11\" role=\"region\" aria-labelledby=\"elementor-tab-title-14511\"><ul><li style=\"list-style-type: none;\"><ul><li style=\"list-style-type: none;\"><ul><li><a href=\"https:\/\/lori.hr\/en\/maja-hatvalic-capurso\/\" target=\"_blank\" rel=\"noopener\">Maja Hatvali\u0107 Capurso<\/a> (Dubrovnik)<\/li><\/ul><\/li><\/ul><\/li><\/ul><\/div>\n\t\t\t\t<\/div>\n\t\t\t\t\t\t\t<div class=\"elementor-toggle-item\">\n\t\t\t\t\t<div id=\"elementor-tab-title-14512\" class=\"elementor-tab-title\" data-tab=\"12\" role=\"button\" aria-controls=\"elementor-tab-content-14512\" aria-expanded=\"false\">\n\t\t\t\t\t\t\t\t\t\t\t\t<span class=\"elementor-toggle-icon elementor-toggle-icon-left\" aria-hidden=\"true\">\n\t\t\t\t\t\t\t\t\t\t\t\t\t\t\t<span class=\"elementor-toggle-icon-closed\"><i class=\"fas fa-caret-right\"><\/i><\/span>\n\t\t\t\t\t\t\t\t<span class=\"elementor-toggle-icon-opened\"><i class=\"elementor-toggle-icon-opened fas fa-caret-up\"><\/i><\/span>\n\t\t\t\t\t\t\t\t\t\t\t\t\t<\/span>\n\t\t\t\t\t\t\t\t\t\t\t\t<a class=\"elementor-toggle-title\" tabindex=\"0\">Virovitica-Podravina county<\/a>\n\t\t\t\t\t<\/div>\n\n\t\t\t\t\t<div id=\"elementor-tab-content-14512\" class=\"elementor-tab-content elementor-clearfix\" data-tab=\"12\" role=\"region\" aria-labelledby=\"elementor-tab-title-14512\"><ul><li style=\"list-style-type: none;\"><ul><li style=\"list-style-type: none;\"><ul><li><a href=\"https:\/\/lori.hr\/en\/ksenija-vujanovic-juras\/\" target=\"_blank\" rel=\"noopener\">Ksenija Vujanovi\u0107 &#8211; Juras<\/a> (Slatina)<\/li><\/ul><\/li><\/ul><\/li><\/ul><\/div>\n\t\t\t\t<\/div>\n\t\t\t\t\t\t\t\t<\/div>\n\t\t\t\t\t\t<\/div>\n\t\t\t\t<\/div>\n\t\t<div class=\"elementor-element elementor-element-442a02d e-con-full e-flex e-con e-child\" data-id=\"442a02d\" data-element_type=\"container\">\n\t\t\t\t<div class=\"elementor-element elementor-element-17dd399 elementor-widget elementor-widget-spacer\" data-id=\"17dd399\" data-element_type=\"widget\" data-widget_type=\"spacer.default\">\n\t\t\t\t\t\t\t<div class=\"elementor-spacer\">\n\t\t\t<div class=\"elementor-spacer-inner\"><\/div>\n\t\t<\/div>\n\t\t\t\t\t\t<\/div>\n\t\t\t\t<div class=\"elementor-element elementor-element-c9a16a2 elementor-widget elementor-widget-image\" data-id=\"c9a16a2\" data-element_type=\"widget\" data-widget_type=\"image.default\">\n\t\t\t\t\t\t\t\t\t\t\t\t\t\t\t<img fetchpriority=\"high\" decoding=\"async\" width=\"800\" height=\"533\" src=\"https:\/\/lori.hr\/wp-content\/uploads\/2023\/04\/We_can_help.jpg\" class=\"attachment-large size-large wp-image-4856\" alt=\"\" srcset=\"https:\/\/lori.hr\/wp-content\/uploads\/2023\/04\/We_can_help.jpg 800w, https:\/\/lori.hr\/wp-content\/uploads\/2023\/04\/We_can_help-300x200.jpg 300w, https:\/\/lori.hr\/wp-content\/uploads\/2023\/04\/We_can_help-768x512.jpg 768w\" sizes=\"(max-width: 800px) 100vw, 800px\" \/>\t\t\t\t\t\t\t\t\t\t\t\t\t\t\t<\/div>\n\t\t\t\t<div class=\"elementor-element elementor-element-4cb44ed elementor-widget elementor-widget-spacer\" data-id=\"4cb44ed\" data-element_type=\"widget\" data-widget_type=\"spacer.default\">\n\t\t\t\t\t\t\t<div class=\"elementor-spacer\">\n\t\t\t<div class=\"elementor-spacer-inner\"><\/div>\n\t\t<\/div>\n\t\t\t\t\t\t<\/div>\n\t\t\t\t<div class=\"elementor-element elementor-element-9ba0836 elementor-widget elementor-widget-spacer\" data-id=\"9ba0836\" data-element_type=\"widget\" data-widget_type=\"spacer.default\">\n\t\t\t\t\t\t\t<div class=\"elementor-spacer\">\n\t\t\t<div class=\"elementor-spacer-inner\"><\/div>\n\t\t<\/div>\n\t\t\t\t\t\t<\/div>\n\t\t\t\t<\/div>\n\t\t\t\t\t<\/div>\n\t\t\t\t<\/div>\n\t\t<div class=\"elementor-element elementor-element-1a46ee1 e-flex e-con-boxed e-con e-parent\" data-id=\"1a46ee1\" data-element_type=\"container\">\n\t\t\t\t\t<div class=\"e-con-inner\">\n\t\t\t\t<div class=\"elementor-element elementor-element-ceb4352 elementor-widget elementor-widget-spacer\" data-id=\"ceb4352\" data-element_type=\"widget\" data-widget_type=\"spacer.default\">\n\t\t\t\t\t\t\t<div class=\"elementor-spacer\">\n\t\t\t<div class=\"elementor-spacer-inner\"><\/div>\n\t\t<\/div>\n\t\t\t\t\t\t<\/div>\n\t\t\t\t\t<\/div>\n\t\t\t\t<\/div>\n\t\t\t\t<\/div>","protected":false},"excerpt":{"rendered":"<p>Baza stru\u010dnih osoba u podru\u010dju mentalnog zdravlja U nastavku mo\u017eete prona\u0107i popis stru\u010dnih osoba u podru\u010dju mentalnog zdravlja koje posjeduju senzibiliziranost i spremnost za rad s LGBTIQ+ osobama. Grad Zagreb i Zagreba\u010dka \u017eupanija Iskorak savjetovali\u0161te (Zagreb) Psiholo\u0161ki centar TESA (Zagreb) PsihoPLANET Centar za savjetovanje, edukaciju i osobni razvoj (Zagreb) Udruga Plavi telefon (Zagreb) Iva \u017degura &hellip;<\/p>\n<p class=\"read-more\"> <a class=\"\" href=\"https:\/\/lori.hr\/en\/baza-strucnih-osoba\/\"> <span class=\"screen-reader-text\">Database of mental health professionals<\/span> Read More \u00bb<\/a><\/p>","protected":false},"author":1,"featured_media":0,"parent":0,"menu_order":0,"comment_status":"closed","ping_status":"closed","template":"","meta":{"_uag_custom_page_level_css":"","site-sidebar-layout":"no-sidebar","site-content-layout":"page-builder","ast-site-content-layout":"","site-content-style":"default","site-sidebar-style":"default","ast-global-header-display":"","ast-banner-title-visibility":"","ast-main-header-display":"","ast-hfb-above-header-display":"","ast-hfb-below-header-display":"","ast-hfb-mobile-header-display":"","site-post-title":"disabled","ast-breadcrumbs-content":"","ast-featured-img":"disabled","footer-sml-layout":"","theme-transparent-header-meta":"","adv-header-id-meta":"","stick-header-meta":"","header-above-stick-meta":"","header-main-stick-meta":"","header-below-stick-meta":"","astra-migrate-meta-layouts":"","footnotes":""},"class_list":["post-4641","page","type-page","status-publish","hentry"],"uagb_featured_image_src":{"full":false,"thumbnail":false,"medium":false,"medium_large":false,"large":false,"1536x1536":false,"2048x2048":false,"trp-custom-language-flag":false},"uagb_author_info":{"display_name":"LORI","author_link":"https:\/\/lori.hr\/en\/author\/ikenji\/"},"uagb_comment_info":0,"uagb_excerpt":"Baza stru\u010dnih osoba u podru\u010dju mentalnog zdravlja U nastavku mo\u017eete prona\u0107i popis stru\u010dnih osoba u podru\u010dju mentalnog zdravlja koje posjeduju senzibiliziranost i spremnost za rad s LGBTIQ+ osobama. Grad Zagreb i Zagreba\u010dka \u017eupanija Iskorak savjetovali\u0161te (Zagreb) Psiholo\u0161ki centar TESA (Zagreb) PsihoPLANET Centar za savjetovanje, edukaciju i osobni razvoj (Zagreb) Udruga Plavi telefon (Zagreb) Iva \u017degura&hellip;","_links":{"self":[{"href":"https:\/\/lori.hr\/en\/wp-json\/wp\/v2\/pages\/4641","targetHints":{"allow":["GET"]}}],"collection":[{"href":"https:\/\/lori.hr\/en\/wp-json\/wp\/v2\/pages"}],"about":[{"href":"https:\/\/lori.hr\/en\/wp-json\/wp\/v2\/types\/page"}],"author":[{"embeddable":true,"href":"https:\/\/lori.hr\/en\/wp-json\/wp\/v2\/users\/1"}],"replies":[{"embeddable":true,"href":"https:\/\/lori.hr\/en\/wp-json\/wp\/v2\/comments?post=4641"}],"version-history":[{"count":125,"href":"https:\/\/lori.hr\/en\/wp-json\/wp\/v2\/pages\/4641\/revisions"}],"predecessor-version":[{"id":11319,"href":"https:\/\/lori.hr\/en\/wp-json\/wp\/v2\/pages\/4641\/revisions\/11319"}],"wp:attachment":[{"href":"https:\/\/lori.hr\/en\/wp-json\/wp\/v2\/media?parent=4641"}],"curies":[{"name":"wp","href":"https:\/\/api.w.org\/{rel}","templated":true}]}}