{"id":4792,"date":"2023-04-15T20:41:30","date_gmt":"2023-04-15T18:41:30","guid":{"rendered":"https:\/\/lori.hr\/?page_id=4792"},"modified":"2023-04-15T20:48:15","modified_gmt":"2023-04-15T18:48:15","slug":"otvorena-pisma","status":"publish","type":"page","link":"https:\/\/lori.hr\/en\/otvorena-pisma\/","title":{"rendered":"Otvorena pisma"},"content":{"rendered":"<div data-elementor-type=\"wp-page\" data-elementor-id=\"4792\" class=\"elementor elementor-4792\" data-elementor-post-type=\"page\">\n\t\t\t\t<div class=\"elementor-element elementor-element-83d6884 navboja e-flex e-con-boxed e-con e-parent\" data-id=\"83d6884\" data-element_type=\"container\" data-settings=\"{&quot;background_background&quot;:&quot;classic&quot;}\">\n\t\t\t\t\t<div class=\"e-con-inner\">\n\t\t\t\t<div class=\"elementor-element elementor-element-2ba327b elementor-widget elementor-widget-spacer\" data-id=\"2ba327b\" data-element_type=\"widget\" data-widget_type=\"spacer.default\">\n\t\t\t\t\t\t\t<div class=\"elementor-spacer\">\n\t\t\t<div class=\"elementor-spacer-inner\"><\/div>\n\t\t<\/div>\n\t\t\t\t\t\t<\/div>\n\t\t\t\t\t<\/div>\n\t\t\t\t<\/div>\n\t\t<div class=\"elementor-element elementor-element-4904df0 e-flex e-con-boxed e-con e-parent\" data-id=\"4904df0\" data-element_type=\"container\">\n\t\t\t\t\t<div class=\"e-con-inner\">\n\t\t\t\t<div class=\"elementor-element elementor-element-0aab5f2 elementor-widget elementor-widget-spacer\" data-id=\"0aab5f2\" data-element_type=\"widget\" data-widget_type=\"spacer.default\">\n\t\t\t\t\t\t\t<div class=\"elementor-spacer\">\n\t\t\t<div class=\"elementor-spacer-inner\"><\/div>\n\t\t<\/div>\n\t\t\t\t\t\t<\/div>\n\t\t\t\t<div class=\"elementor-element elementor-element-abcdde2 elementor-widget elementor-widget-heading\" data-id=\"abcdde2\" data-element_type=\"widget\" data-widget_type=\"heading.default\">\n\t\t\t\t\t<h1 class=\"elementor-heading-title elementor-size-default\">Otvorena pisma<\/h1>\t\t\t\t<\/div>\n\t\t\t\t<div class=\"elementor-element elementor-element-b1212f3 elementor-widget-divider--view-line elementor-widget elementor-widget-divider\" data-id=\"b1212f3\" data-element_type=\"widget\" data-widget_type=\"divider.default\">\n\t\t\t\t\t\t\t<div class=\"elementor-divider\">\n\t\t\t<span class=\"elementor-divider-separator\">\n\t\t\t\t\t\t<\/span>\n\t\t<\/div>\n\t\t\t\t\t\t<\/div>\n\t\t\t\t<div class=\"elementor-element elementor-element-6d093be elementor-widget elementor-widget-spacer\" data-id=\"6d093be\" data-element_type=\"widget\" data-widget_type=\"spacer.default\">\n\t\t\t\t\t\t\t<div class=\"elementor-spacer\">\n\t\t\t<div class=\"elementor-spacer-inner\"><\/div>\n\t\t<\/div>\n\t\t\t\t\t\t<\/div>\n\t\t\t\t\t<\/div>\n\t\t\t\t<\/div>\n\t\t<div class=\"elementor-element elementor-element-349eab6 e-flex e-con-boxed e-con e-parent\" data-id=\"349eab6\" data-element_type=\"container\">\n\t\t\t\t\t<div class=\"e-con-inner\">\n\t\t<div class=\"elementor-element elementor-element-9116b59 e-con-full e-flex e-con e-parent\" data-id=\"9116b59\" data-element_type=\"container\">\n\t\t\t\t<div class=\"elementor-element elementor-element-b27437f elementor-widget elementor-widget-heading\" data-id=\"b27437f\" data-element_type=\"widget\" data-widget_type=\"heading.default\">\n\t\t\t\t\t<h3 class=\"elementor-heading-title elementor-size-default\">Dragi mama i tata,<\/h3>\t\t\t\t<\/div>\n\t\t\t\t<div class=\"elementor-element elementor-element-f8a03df elementor-widget elementor-widget-text-editor\" data-id=\"f8a03df\" data-element_type=\"widget\" data-widget_type=\"text-editor.default\">\n\t\t\t\t\t\t\t\t\t<p>do\u0161la su u na\u0161em odnosu neka te\u0161ka vremena, vremena dodu\u0161e koja vi ni ne primje\u0107ujete i za koje ne znate, dijelom mojoj krivicom, a dijelom va\u0161im odbijanjem da vidite ono \u0161to vam je pred o\u010dima svaki dan. Ve\u0107 godinama mi nije lako, mu\u010dim se s odrastanjem, stvaranjem identiteta, razvijanjem u osobu kakva trebam biti, ali za razliku od ve\u0107ine mojih vr\u0161njaka, djece va\u0161ih prijatelja i na\u0161ih susjeda, osim par, ja se borim i sa mnogo ve\u0107im problemom. Problemom stvaranja svog identiteta u dru\u0161tvu koje svaki dan pljuje, omalova\u017eava, diskriminira, vrije\u0111a, gazi i napada one koji kao ja poku\u0161avaju odrasti kao osobe pripadnici jedne nevidljive manjine. Moja manjina, moja vrsta skoro, je nevidljiva golom oku. Nije ju lako prepoznati iako se mnogi hvale da to mogu, no \u010desto grije\u0161e, \u010dak se i ti tata hvali\u0161 da nas zna\u0161 prepoznati na kilometre, ali iz nekog razloga mene ne vidi\u0161 ili mo\u017eda ne priznaje\u0161. Mama, ti kao da vidi\u0161 ne\u0161to, osje\u0107a\u0161 u mom glasu, u mom srcu, ali ne reagira\u0161 \u010dak i onda kada ti nudim odgovore i teme koji bi te naveli da mi pomogne\u0161 otvoriti se, razgovarati o tome.<br \/>U\u010dili ste me iskrenosti, u\u010dili ste me da svako ima pravo biti onakav kakav je i da nas drugi trebaju takve prihvatiti. A kako me vi prihva\u0107ate? Da li me vi vidite uop\u0107e.<br \/>Svaki dan se skrivam. Skrivam se u snovima u kojima me ljudi proganjaju kako bi me premlatili jer volim koga se ne bi smjelo. Skrivam se od trenutka kada se probudim ujutro, ne pri\u010dam vam o snovima iako me pitate, ne govorim vam s kime idem van, gdje idem niti da li imam nekoga u svom \u017eivotu od koga mi srce posko\u010di i cijelo tijelo zadrhti. Ne mogu vam re\u0107i. Ne mogu vam re\u0107i zbog straha, straha da \u0107ete me pogledati kao onaj mu\u0161karac pro\u0161li tjedan, ispod oka i zlobno te me u prolazu pljunuti. Strah me da \u0107ete postupiti kao roditelji mog najboljeg prijatelja koji su njega izbacili iz ku\u0107e kada su saznali. Bojim se da me ne\u0107ete vi\u0161e voljeti, da \u0107e te me izbaciti iz ku\u0107e ili kao roditelji jedne cure koju znam, zabraniti mi izlazak iz ku\u0107e i premlatiti me. Istovremeno ne vjerujem da biste tako reagirali, ne mogu vjerovati jer me u\u010dite o va\u017enosti ljubavi, jer me odgajate u ljubavi. A opet, i njima su roditelji govorili da ih vole. \u017delim s vama razgovarati o svemu ovome, \u017eelim vam ispri\u010dati sve o mom \u017eivotu, prijateljima i izlascima, otvorit vam vrata svojeg \u017eivota te vas upoznati s curom koju volim. Samo ne znam kako. Ne znam kako da vam do\u0111em i da vam ka\u017eem da ja, va\u0161a k\u0107er volim k\u0107er susjeda koji \u017eive dvije ku\u0107e od nas.<\/p><p>Kristina (28)<\/p>\t\t\t\t\t\t\t\t<\/div>\n\t\t\t\t<\/div>\n\t\t<div class=\"elementor-element elementor-element-7efe05b e-con-full e-flex e-con e-parent\" data-id=\"7efe05b\" data-element_type=\"container\">\n\t\t\t\t<div class=\"elementor-element elementor-element-1ec6927 elementor-widget elementor-widget-image\" data-id=\"1ec6927\" data-element_type=\"widget\" data-widget_type=\"image.default\">\n\t\t\t\t\t\t\t\t\t\t\t\t\t\t\t<img loading=\"lazy\" decoding=\"async\" width=\"700\" height=\"463\" src=\"https:\/\/lori.hr\/wp-content\/uploads\/2023\/04\/OtvorenaPisma.jpg\" class=\"attachment-large size-large wp-image-4794\" alt=\"\" srcset=\"https:\/\/lori.hr\/wp-content\/uploads\/2023\/04\/OtvorenaPisma.jpg 700w, https:\/\/lori.hr\/wp-content\/uploads\/2023\/04\/OtvorenaPisma-300x198.jpg 300w\" sizes=\"auto, (max-width: 700px) 100vw, 700px\" \/>\t\t\t\t\t\t\t\t\t\t\t\t\t\t\t<\/div>\n\t\t\t\t<div class=\"elementor-element elementor-element-a3ce8ff elementor-widget elementor-widget-heading\" data-id=\"a3ce8ff\" data-element_type=\"widget\" data-widget_type=\"heading.default\">\n\t\t\t\t\t<h3 class=\"elementor-heading-title elementor-size-default\">Dragi mama i tata,<\/h3>\t\t\t\t<\/div>\n\t\t\t\t<div class=\"elementor-element elementor-element-b2c9884 elementor-widget elementor-widget-text-editor\" data-id=\"b2c9884\" data-element_type=\"widget\" data-widget_type=\"text-editor.default\">\n\t\t\t\t\t\t\t\t\t<p><em>\u017eao mi je kao prvo \u0161to ovo ne mogu izrazit vama i pritom o\u010dekivati da \u0107u nai\u0107i na razumijevanje. Ustvari, ne tra\u017eim da me razumijete, samo bih voljela da ne ignorirate svaki moj poku\u0161aj da izrazim sebe. Bilo bi divno kad bi mi dali priliku da vas kona\u010dno upoznam sama sa sobom. Ne znate koliko mo\u017ee boljeti kad vas doma, koje bi uvijek trebalo bit uto\u010di\u0161te, ne prihva\u0107aju. To nije ne\u0161to sto sam ja izabrala biti, to je ne\u0161to sto mi je odre\u0111eno kao boja o\u010diju. To nije ne\u0161to u \u010demu ste pogrije\u0161ili. Za\u0161to nas nitko ne pita na koji na\u010din mi to osje\u0107amo? Za\u0161to ste to odmah povezali uz pridjeve grijeh, perverzija, tajna&#8230;a ne znate da to sto osje\u0107am osje\u0107am jasno i \u010disto, prirodno i jednostavno, potaknuto iz srca. Da, vjerovali vi to ili ne&#8230;Nekad osje\u0107am da ne mogu izrazit koliko mi je \u017eao \u0161to si nikad ne\u0107emo dati priliku za lijepe odnose&#8230;Kad bi mi bar vi dali mrvicu podr\u0161ke bilo bi mi se puno lak\u0161e nositi sa svime \u0161to dru\u0161tvo govori. Jer sjedila bih na \u0161kolskom satu i slu\u0161ala kako profesorica optu\u017euje i mrzi dio mene i bojala se da slu\u010dajno ne sazna. Ali vi to ne znate, jer najlak\u0161e je ignorirati, nasmijati se kao da je rije\u010d o dobroj \u0161ali, i skrenuti s teme&#8230;<\/em><br \/><em>Martina, 18<\/em><\/p>\t\t\t\t\t\t\t\t<\/div>\n\t\t\t\t<\/div>\n\t\t\t\t\t<\/div>\n\t\t\t\t<\/div>\n\t\t<div class=\"elementor-element elementor-element-f83dd3f e-flex e-con-boxed e-con e-parent\" data-id=\"f83dd3f\" data-element_type=\"container\">\n\t\t\t\t\t<div class=\"e-con-inner\">\n\t\t<div class=\"elementor-element elementor-element-1443e6a e-con-full e-flex e-con e-parent\" data-id=\"1443e6a\" data-element_type=\"container\" data-settings=\"{&quot;background_background&quot;:&quot;classic&quot;}\">\n\t\t\t\t<div class=\"elementor-element elementor-element-413d716 elementor-widget elementor-widget-text-editor\" data-id=\"413d716\" data-element_type=\"widget\" data-widget_type=\"text-editor.default\">\n\t\t\t\t\t\t\t\t\t<p><em>Na\u0161i roditelji nikada ali ba\u0161 nikada ne bi se doveli u situaciju u kojoj se faktom nalaze da znaju \u0161to je u na\u0161im glavama. Meni je ultimatni \u017eivotni cilj pojaviti se na ovogodi\u0161njem prideu s majicom; mama da li ti je sad vi\u0161e fucking jasno??!<\/em><br \/><em>Moja mama nerijetko je u fazi slanja me kod psihijatra jer da kako ja tako \u201ezgodna i pametna\u201c ve\u0107 5 godina nemam de\u010dka. Well, nasmijem se i ka\u017eem&#8230;nemam. Ona zna, ona mora znati, jer a) nije glupa, b) neke stvari su jednostavno preo\u010dite. Ali&#8230;ona jednako tako ne \u017eeli znati.<\/em><\/p><p><em>Moja prva gay sam izjava potje\u010de iz 90-ih, imala sam jedva 9 godina kada sam se 1. puta zaljubila u curu. Na jednom plesnom natjecanju, nevermind. Uglavnom do\u0161la sam doma sva van sebe i pitala je: mama, jesam li ja zaljubljena u tu curu ili samo \u017eelim biti poput nje? Ona mi je, jasno kao i sve bri\u017ene majke po brzom postupku objasnila da samo \u017eelim biti poput nje.<\/em><br \/><em>Svojih prvih deset godina \u017eivota provela sam, tada o\u010dito transrodna, \u017eele\u0107i biti de\u010dko, tr\u010de\u0107i oklo s batinama i kratkom kosom, bojkotiraju\u0107i svaku Barbiku \u0161i\u0161anjem i farbanjem&#8230; te uzdi\u017eu\u0107i u nebesa svaki svoj novi auti\u0107.<\/em><br \/><br \/><em>Do\u0161la su neka \u201ete\u0161ka vremena\u201c pred kraj osnovne, to vi\u0161e nije moglo tako, izvukli su me iz komandosica i strpali u traperice i \u010dizme. Stra\u0161an je osje\u0107aj ne osje\u0107ati se dobro u svome tijelu, sa svojim pokretima , izverziran do bola, paze\u0107i da ti ne izleti kakav samo tvoj&#8230;pasmater. Kada se navikne\u0161 postane smije\u0161no, biti svjesna sama sebe, pomirena sa sobom i \u010dinjenicom da je svaki moj iole \u017eenstven pokret pokupljen od nekog\u00a0 pedera.<\/em><br \/><br \/><em>U\u017eivila sam se u \u201e\u017eenstvenost\u201c &#8230;postala je dio mene, danas obo\u017eavam biti \u017eenom. Iskreno, ja obo\u017eavam biti \u017eena koja vodi ljubav s ostalim \u017eenama.<\/em><br \/><br \/><em>S 15. postalo je o\u010dito i javno da sam bisexualna. Sa 17, \u017eivot mi je spasio crol na kojega sam sasvim slu\u010dajno naletila. Ve\u0107 dobrih debelih 2 godine sam totalno out, loud and proud. Osje\u0107am se sjajno. Nema vi\u0161e margina, ja sam ja. Kao da su me pustili iz nekog prokletog kaveza i dali mi da do\u0111em do izra\u017eaja. Moji prijatelji fascinantni su ljudi tako da se rijetko tko zaustavio na onom obi\u010dnom, nemam ni\u0161ta protiv, oni su mlate ne odu\u0161evljeni. Mu\u0161karcima budi ma\u0161tu, \u017eenama ru\u0161i tabue.<\/em><br \/><br \/><em>Da moja mama zna koliko sam trenutno sretna ni\u0161ta ostalo ne bi joj bilo bitno. Ponajmanje ono \u0161to \u0107e susjedi misliti.<\/em><br \/><br \/><em>Za\u0161to joj nisam rekla? Eto nisam, iako ona je kriva za to. Ona zna da sam ja okru\u017eena gay ljudima i na to jedino ima re\u0107: Pa ljubavi \u0161to si stalno samo s lezbama pa ljudi \u0107e misliti da si i ti lezbijka. Na \u0161to dobije odgovor&#8230;pa da&#8230; :rolleyes: smijeh.<\/em><br \/><br \/><em>Ja nemam prava prire\u0111ivati joj \u0161okove nakon 12-satnog poroda&#8230; i 19 godina hranjenja, razumijevanja i enormne ljubavi ali niti ona nema prava oduzeti mi ne\u0161to sveto, moju jedinu savr\u0161eno iskrenu ljubav, onu prema mojoj curi.<\/em><br \/><br \/><em>Moja stara pametna je \u017eena&#8230; ona zaista samo \u017eeli da ja budem sretna, kada joj jednog dana to tako i prezentiram, kada joj ka\u017eem da nakon 5 godina soliranja imam prekrasnu poslovnu \u017eenu od 28, najljep\u0161u curu u gradu koja je situirana, pametna, zabavna , cijeni me , voli i poti\u010de. Ja znam&#8230; ja znam da \u0107e moja mama inzistirati da je dovedem doma na ru\u010dak, jer ona od svih ljudi na svijetu najbolje zna da nije lako biti sretan. Da su rijetki oni koji mene mogu usre\u0107iti i da ih se kao takve treba cijeniti.<\/em><br \/><br \/><em>U govor\u00a0 \u0107u jasno ubaciti i kraj jednog tvog texta: Hmm, :pametnafaca: pitanje koje se samo po sebi name\u0107e i jednako tako samo po sebi tra\u017ei odgovor je \u017eelimo li mi uop\u0107e imati posla s takvim velikim mozgovima poput lezbijki? Well, nisam sigurna dali je to najsretnije rje\u0161enje no ja povrh velike problematike koju mi nudi 48 % populacije, dakle mu\u0161karci a to su nespu\u0161tena \u0161koljka i smrdljive \u010darape naokolo, biram histeriju i pms, \u0161ta neka nam je barem dinami\u010dno, tako \u0107emo uvijek znati da smo \u017eivi dok ne naleti neka dovoljno luda da nas&#8230;ukoka.<\/em><br \/><br \/><em>Da, kada se sve zbroji i oduzme, ja uop\u0107e nemam potrebu za mu\u0161karcima, i da , mama, to je razlog za\u0161to zadnjih 5 godina nisam bila u vezi ni sa jednim a poznajem ih i volim toliko mnogo&#8230; bit \u0107e da sam lezba, nikad ne zna\u0161, nemoj misliti da se to doga\u0111a samo drugim majkama&#8230;<\/em><br \/><br \/><em>Onda, kada kao moj najvjerniji fan shvati da postoji toliko objavljenih textova koje nikada nije vidjela, shvatit \u0107e, ona \u0107e shvatit da i kao moj najbolji prijatelj zna tako malo o meni, dok mnoge stvari znaju ljudi koji me uop\u0107e ne poznaju.<\/em><br \/><br \/><em>Mama, volim te.<\/em><br \/><em>But fuck it, I&#8217;m still gay.\u00a0<\/em>\ud83d\ude42<\/p>\t\t\t\t\t\t\t\t<\/div>\n\t\t\t\t<\/div>\n\t\t<div class=\"elementor-element elementor-element-232b979 e-con-full e-flex e-con e-parent\" data-id=\"232b979\" data-element_type=\"container\">\n\t\t\t\t<div class=\"elementor-element elementor-element-6395f3c elementor-widget elementor-widget-text-editor\" data-id=\"6395f3c\" data-element_type=\"widget\" data-widget_type=\"text-editor.default\">\n\t\t\t\t\t\t\t\t\t<p>Za\u0161to me moja majka u\u010dila da uvijek govorim istinu, da budem dobar prema<br \/>svima, da budem po\u0161ten, da bi mi rekla kad sam joj priznao da sam gay da joj<br \/>je \u017eao \u0161to se nisam ubio kad sam imao priliku, jer sme\u0107e kao ja ne zaslu\u017euje<br \/>da \u017eivi?<br \/><br \/>Za\u0161to mi je otac rekao da mu se gadim i da mu je \u017eao \u0161to me ima?<br \/><br \/>Bili im \u017eivot bio bolji da umrem, da ih po\u0161tedim sramote ili da nestanem<br \/>zauvijek iz njihovih \u017eivota kao da nisam nikad postojao?<br \/><br \/>Za\u0161to me tjeraju da se osje\u0107am krivim za ne\u0161to \u0161to nisam izabrao &#8211; a i tko<br \/>bi izabrao ne\u0161to zbog \u010dega \u0107e ga ro\u0111ena majka mrziti? Ivan, 23<\/p>\t\t\t\t\t\t\t\t<\/div>\n\t\t\t\t<div class=\"elementor-element elementor-element-93547da elementor-widget elementor-widget-heading\" data-id=\"93547da\" data-element_type=\"widget\" data-widget_type=\"heading.default\">\n\t\t\t\t\t<h3 class=\"elementor-heading-title elementor-size-default\">Dragi moj Tata!<\/h3>\t\t\t\t<\/div>\n\t\t\t\t<div class=\"elementor-element elementor-element-05af24c elementor-widget elementor-widget-text-editor\" data-id=\"05af24c\" data-element_type=\"widget\" data-widget_type=\"text-editor.default\">\n\t\t\t\t\t\t\t\t\t<p>Sje\u0107a\u0161 li se neki dan kada sam bila bolesna, zvao si me i pitao: &#8220;Ima\u0161 li \u0161to za pojest?&#8221;, &#8220;Ko \u0107e ti psa izvest van?&#8221;, &#8220;Ko \u0107e ti oti\u0107i do du\u0107ana?&#8221;, &#8220;Ko \u0107e ti skuhat \u010daj, napravit med sa limunom, skuhat juhu,&#8230;?&#8221; A ja sam samo \u0161utjela i mislila u sebi :&#8221;ka\u017ei mu, ka\u017ei mu, sad je mo\u017eda vrijeme!&#8221; Ali nisam mogla..<br \/><br \/>Htjela sam ti re\u0107i da ja cijelo to vrijeme dok sam bila bolesna nisam bila sama. Ana je bila uz mene. Oti\u0161la je u du\u0107an, izvela je psa, i ba\u0161 kao i ti nekada, dok sam bila mala, skuhala mi je \u010daj, napravila med sa limunom, \u010dak je i juhu skuhala (istina, nije kao tvoja, ali svejedno je bila ukusna).<br \/>\u00a0Ina\u010de, nisam ti predstavila Anu. Ana je moja djevojka! Mislim da je do\u0161lo vrijeme, da nakon 1 godine na\u0161e veze ti to zna\u0161.<br \/><br \/>Nema\u0161 pojma kako mi je ovo te\u0161ko izgovoriti, iako je izre\u010deno samo u mojim mislima i na ovom papiru. To\u010dno zami\u0161ljam tvoju reakciju obavijenu \u0161utnjom, bezli\u010dni izraz tvoga lica i onaj tvoj prazan pogled pun razo\u010daranja i neznanja. A ta tvoja \u0161utnja toliko boli, a u isti \u010das osje\u0107am kako negdje izme\u0111u nas stoje redovi neizgovorenih rije\u010di i ostaju zarobljeni negdje u zraku. Sje\u0107am se tog tvog izraza lica, kada sam ti prvi put rekla da mi se svi\u0111aju djevojke. I onog tvog hladnog ironi\u010dnog odgovora: &#8220;Ma radi \u0161to ho\u0107e\u0161!&#8221;, toliko hladnog da ga jo\u0161 uvijek pro\u017eivljavam smrzavaju\u0107i se.<br \/><br \/>Ali nemoj misliti da te prezirem zbog toga. Na \u017ealost, relativno sam zadovoljna tvojom reakcijom. Ipak me nisi izbacio iz ku\u0107e, nisi mi rekao da sam bolesna, nisi me poku\u0161ao promijenit, nismo prestali komunicirat i nisi me nikada napustio.<br \/>I \u0161ta sad ja jo\u0161 \u017eelim???<br \/><br \/>Da li si se ikada zapitao jesam li sretna?<br \/>Nema veze ako nisi, ja \u0107u ti ipak odgovorit. Nisam tata! A zna\u0161 li za\u0161to? Zna\u0161 li ti uop\u0107e \u0161to zna\u010di sre\u0107a? Ne zna\u0161, jer ju ima\u0161 svaki dan pored sebe, razbacuje\u0161 se njom nesvjesno. A ja ju uporno poku\u0161avam ulovit i \u017eivjeti ne skrivaju\u0107i se od tu\u0111ih pogleda punih prijezira i mr\u017enje.<br \/>Moja sre\u0107a je Ana! I \u017eelim ti re\u0107i da sam pro\u0161li\u00a0 vikend provela sa njom na Platku (a ne sa Deanom, kako sam ti rekla), \u017eelim ti re\u0107i da ju volim i da bi te voljela upoznati sa njom. \u017delim ti re\u0107i kako bi voljela da za Bo\u017ei\u0107 i ona prisustvuje na\u0161em obiteljskom ru\u010dku. Mo\u017ee\u0161 joj \u010dak staviti poklon ispod bora. Ili ne, mo\u017eda je to previ\u0161e? \u017delim ti re\u0107i jo\u0161 tako puno..<br \/><br \/>Sve ovo su moje male i toliko obi\u010dne \u017eelje, koje nijemo stoje izme\u0111u tebe i mene, ali ti ih nikada ne \u017eeli\u0161 \u0107uti i dozvoliti mi da ti poka\u017eem kako izgledam kad sam sretna.<br \/><br \/>Mo\u017ee\u0161 li ih poku\u0161ati \u0107uti tata?<br \/><br \/>Tvoja N (32)<\/p>\t\t\t\t\t\t\t\t<\/div>\n\t\t\t\t<div class=\"elementor-element elementor-element-2229983 elementor-widget elementor-widget-image\" data-id=\"2229983\" data-element_type=\"widget\" data-widget_type=\"image.default\">\n\t\t\t\t\t\t\t\t\t\t\t\t\t\t\t<img loading=\"lazy\" decoding=\"async\" width=\"700\" height=\"560\" src=\"https:\/\/lori.hr\/wp-content\/uploads\/2023\/04\/Pisma.jpg\" class=\"attachment-large size-large wp-image-4795\" alt=\"\" srcset=\"https:\/\/lori.hr\/wp-content\/uploads\/2023\/04\/Pisma.jpg 700w, https:\/\/lori.hr\/wp-content\/uploads\/2023\/04\/Pisma-300x240.jpg 300w\" sizes=\"auto, (max-width: 700px) 100vw, 700px\" \/>\t\t\t\t\t\t\t\t\t\t\t\t\t\t\t<\/div>\n\t\t\t\t<\/div>\n\t\t\t\t\t<\/div>\n\t\t\t\t<\/div>\n\t\t<div class=\"elementor-element elementor-element-869b015 e-flex e-con-boxed e-con e-parent\" data-id=\"869b015\" data-element_type=\"container\">\n\t\t\t\t\t<div class=\"e-con-inner\">\n\t\t<div class=\"elementor-element elementor-element-ead3b4f e-con-full e-flex e-con e-parent\" data-id=\"ead3b4f\" data-element_type=\"container\">\n\t\t\t\t<div class=\"elementor-element elementor-element-2d309b0 elementor-widget elementor-widget-heading\" data-id=\"2d309b0\" data-element_type=\"widget\" data-widget_type=\"heading.default\">\n\t\t\t\t\t<h3 class=\"elementor-heading-title elementor-size-default\">Draga mama,<\/h3>\t\t\t\t<\/div>\n\t\t\t\t<div class=\"elementor-element elementor-element-3c3d92a elementor-widget elementor-widget-text-editor\" data-id=\"3c3d92a\" data-element_type=\"widget\" data-widget_type=\"text-editor.default\">\n\t\t\t\t\t\t\t\t\t<p><em>..dugo sam bila mislila kako \u0107u ti reci za svoju \u201edruk\u010dijost\u201c. Zapravo nisam znala za\u0161to je moja drukcijost pogre\u0161na i u \u010demu sam to toliko druk\u010dija, jer..svi smo mi razli\u010diti, druk\u010diji od drugih. Ipak, sve oko mene me je svakodnevno uvjeravalo da se ne uklapam, nisam mogla do tog osje\u0107aja pripadnosti, nije bilo za mene mjesta tu..nevjerojatno je da me \u010dak i oni koje me ne poznaju mrze i odbacuju. Nenormalno mi je bila najnormalnija rije\u010d&#8230;iako su moji srednjo\u0161kolski dani bili sasvim normalni: u\u010denje u zadnji \u010das, prijateljstva bez kojih ne mo\u017ee\u0161, tra\u017eenje svog \u017eivotnog puta, ka\u0161njenje na zadnji bus, privla\u010dnosti i ljubavi koje najednom postanu jako va\u017ene&#8230;<\/em><br \/><em>Nisam znala kako da priberem dovoljno hrabrosti da ti ka\u017eem kako sam ja jedna zami\u0161ljena, buntovna, dru\u0161tvena, zbunjena 17 i pol godi\u0161njakinja. Koja se zaljubila kona\u010dno u pravu osobu, sad su iza mene nesretne ljubavi i krive procjene. Jer s njom mogu puno razgovarati, s njom mogu biti ja, najsretnije se smijem i ona me ne poku\u0161ava mijenjati. I prolazilo je vrijeme..godine..Mo\u017eda najte\u017ei izbor za mene, ali bilo mi je lak\u0161e skrivati se i lagati o imenu. U me\u0111uvremenu upoznala sam i neke ljude kojima nije bilo potrebno lagati, koji su valjda znali neke duboke istine&#8230;<\/em><br \/><em>I onda..jedne ve\u010deri..ti si mi sama postavila pitanje. Vjerujem da mame uvijek znaju. Sje\u0107am se da mi je srce stalo kad si me upitala da li se ja zaljubljujem u djevojke? Moj odgovor je bio tako te\u017eak i tako jednostavan: Da! Ovo \u201eDa\u201c je odjeknulo \u010dinilo mi se daleko, kilometrima daleko&#8230; U\u017easna je bila ta ve\u010der, te\u0161ka, pla\u010d, krivnja, da li je to zbog mog dru\u0161tva, da li je zbog tebe, da li sam trebala stro\u017ei odgoj.. Pokunjeno sam sjedila misle\u0107i. \u201eNi\u0161ta od toga, ni\u0161ta od toga mama&#8230;.\u201c stvari su jednostavno takve&#8230; Na kraju si rekla da me unato\u010d svemu prihva\u0107a\u0161 i voli\u0161 jer sam tvoje dijete. I mo\u017eda to zvu\u010di kao happy end ali za mene je to bila re\u010denica koja me najvi\u0161e zasmetala. U\u010dinilo se kao da sam monstrum, ali eto, mama me ipak voli&#8230;! Burno sam reagirala&#8230;<\/em><br \/><em>I to sam ti zapravo htjela re\u0107i mama&#8230;. \u017eao mi je \u0161to sam burno reagirala. \u017dao mi je \u0161to nisam shvatila koja je veli\u010dina u tvoj prihva\u0107anju. Hvala ti na toj podr\u0161ci! Bila sam spremna oti\u0107i jer bez razumijevanja na\u0161 odnos bi bio samo mu\u010denje. Mislila sam da su mi s darom \u017eivota roditelji dali i dar razumijevanja. Ali ne, to nije tako. Mnogi koje znam stranci su za svoje roditelje, a njihovi \u0107e ih roditelji nastavljati udaljavati svojim rije\u010dima. Zato, tvoja \u017eelja da razumije\u0161 ne\u0161to \u0161to ti je bilo strano, \u017eelja da mi bude\u0161 podr\u0161ka ne\u0161to je \u0161to danas izuzetno cijenim i na \u010demu ti se uvijek iznova zahvaljujem. Sve to me je u\u010dinilo boljom osobom&#8230;a mi smo zajedno uspjele na\u0107i put kroz ovaj svijet u kojem su sebi\u010dnost i nerazumijevanje izgleda sasvim normalni.\u00a0 Danijela (34)<\/em><\/p>\t\t\t\t\t\t\t\t<\/div>\n\t\t\t\t<\/div>\n\t\t<div class=\"elementor-element elementor-element-a0402b9 e-con-full e-flex e-con e-parent\" data-id=\"a0402b9\" data-element_type=\"container\">\n\t\t\t\t<div class=\"elementor-element elementor-element-73c6426 elementor-widget elementor-widget-text-editor\" data-id=\"73c6426\" data-element_type=\"widget\" data-widget_type=\"text-editor.default\">\n\t\t\t\t\t\t\t\t\t<p>Ni dan danas ne mogu shvatiti za\u0161to sam onoga dana postao netko drugi za vas. Postao sam gej. Iako sam za sebe uvijek to bio i nikada nisam postao, za vas sam najednom postao ne\u0161to drugo. U samo jednom satu prestao sam biti sin, onaj va\u0161 Marin, sasvim solidan brat, kako sami ka\u017eete s istan\u010danim smislom za pravdu ali s malo smisla za \u201eispeci pa reci\u201c, nedovoljno uredan i tako dalje&#8230; O tome da sam ja gej pri\u010dalo se samo jedanput, kad sam vam rekao. A do danas \u0161utilo se vi\u0161e puta, zapravo stalno. Moji prijatelji vi\u0161e ne dolaze kod mene jer svakog gledate ispod oka, kao \u201eJe li i on gej?\u201c. \u201eE pa, nema nas tako puno\u201c- najradije bih tada rekao. Kad je na TV-u neki film ove tematike, mo\u017eemo rezati no\u017eem neugodnost u na\u0161oj ku\u0107i. Mogao bih nabrajati jo\u0161 stotine takvih situacija&#8230;<br \/>Pomalo se \u0161alim pi\u0161u\u0107i vam jer zapravo ne znam kako da napi\u0161em koliko se osje\u0107am odba\u010deno i koliko ne razumijem va\u0161u \u0161utnju. \u017dao mi je ako sam vas iznevjerio. Iako duboko u sebi ne znam za\u0161to se od mene o\u010dekuje da vas razumijem, a vi me gledate kao da sam najgori neprijatelj i ne poku\u0161avate razumjeti. Gotovo sam cijeli \u017eivot krivio sebe, mislio da ne\u0161to nije u redu sa mnom&#8230; Tako su bar mislili svi oko mene. Ali onda sam se na\u0161ao pred dva puta: ili zavr\u0161iti s ovim \u017eivotom ili ga nastaviti \u017eivjeti. I uz silan trud da na\u0111em u \u010demu sam to tolika gre\u0161ka prirode, izrod, nisam to mogao na\u0107i.<br \/>Te\u0161ko mi je bilo prihvatiti da nisam kao ve\u0107ina oko mene. Ali sam se izborio za to. A vi ne pokazujete ni mrvicu truda, ne zanima vas da razmislite u \u010demu vas to vrije\u0111am ili \u0161to \u010dinim lo\u0161e sebi ili drugima&#8230; \u0161to je to tako zlo?<br \/>Trudim se prihvatiti sve to&#8230; Ipak, ako \u0107emo skroz iskreno, stalo mi je da me volite. Stalo mi je da imam roditelje s kojima \u0107u osje\u0107ati bliskost. To je valjda obitelj&#8230; Radim na tome da me va\u0161e odbacivanje ne boli. Da vas ne trebam u \u017eivotu i da ne trebam va\u0161e prihva\u0107anje.<br \/>Mo\u017eda kad odem, bit \u0107e lak\u0161e. Tra\u017eim na\u010dina samo ova dr\u017eava kao da je zatvorila sva vrata onima koji \u017eele \u017eivjeti sami&#8230; Svejedno, najjeftinija varijanta bilo \u010dega bit \u0107e manji zatvor od ovoga. Kad vam budem dalje mo\u017eda \u0107e vam biti i manje bolno. Gej vi\u0161e ne\u0107e biti u va\u0161oj ku\u0107i.<br \/>Ma da, jednom \u0107u totalno iskorijeniti tu potrebu da me volite i da budemo obitelj&#8230; A onda i onu da \u017eelim da budete dio moje obitelji&#8230;<\/p><p>Kristijan<\/p>\t\t\t\t\t\t\t\t<\/div>\n\t\t\t\t<\/div>\n\t\t\t\t\t<\/div>\n\t\t\t\t<\/div>\n\t\t<div class=\"elementor-element elementor-element-63dfce3 e-flex e-con-boxed e-con e-parent\" data-id=\"63dfce3\" data-element_type=\"container\">\n\t\t\t\t\t<div class=\"e-con-inner\">\n\t\t<div class=\"elementor-element elementor-element-449112a e-con-full e-flex e-con e-parent\" data-id=\"449112a\" data-element_type=\"container\">\n\t\t\t\t<div class=\"elementor-element elementor-element-542243f elementor-widget elementor-widget-text-editor\" data-id=\"542243f\" data-element_type=\"widget\" data-widget_type=\"text-editor.default\">\n\t\t\t\t\t\t\t\t\t<p><em>Ne znam kako da sad to objasnim&#8230; Bojim se da \u0107e biti puno vike, povrje\u0111ivanja, a mene \u0107e se izlo\u017eiti kao glavnu metu&#8230; Misli su mi u neredu&#8230;. ne znam. Nekad mi se \u010dinilo da \u017eelim promijeniti spol. Sada vi\u0161e ne mislim tako, iako mi povremeno jo\u0161 uvijek pada na pamet&#8230;<\/em><br \/><em>Ljude zbunjuje moj izgled. \u010cesto me ne gledaju dugo, ne znam da li zato da njima ili meni ne bude neugodno. Nekad se dobro nosim s tim (valjda uz prkos i ponos), a nekad me je jako strah&#8230;naro\u010dito onih visokih \u0107elavih. Jednom su (naravno u \u010doporu) krenuli za mnom, jedan me uhvatio i rekao da najbolje da me skinu pa \u0107e se vidjeti \u0161to sam. Po\u010deli su me navla\u010diti&#8230; Jo\u0161 uvijek to znam sanjati s razlikom \u0161to u snu ne uspijem pobje\u0107i. Pa za\u0161to ih toliko smeta moj izgled?<\/em><br \/><em>A i vas smeta. Odmalena je sa mnom bilo druk\u010dije. Vi ste poku\u0161avali puno vremena kroz neku odje\u0107u ili neko pona\u0161anje odrediti \u0161to ja to i kako trebam \u017eivjeti&#8230; Nije i\u0161lo. Pa ste odustali. Sad mislite da bi psiholog mogao pomo\u0107i va\u0161em neuravnote\u017eenom djetetu. Samo \u0161to je psiholog na \u201emojoj strani\u201c. Sre\u0107om da ima i takvih.<\/em><br \/><em>Za sebe ka\u017eem da sam trans&#8230; nije da osje\u0107am da je moj spol suprotan od onog kako se osje\u0107am. Nije da osje\u0107am da se pona\u0161am u skladu sa svojim spolom. Jednostavno negdje to \u201e\u017eensko\u201c i to \u201emu\u0161ko\u201c nisu mene dopali. Niti jedno niti drugo. Volim razgovarati s ljudima koji me razumiju&#8230; Tad i spol i rod diskutiramo do zore i prevr\u0107emo sve mogu\u0107e uzroke i dru\u0161tvene sustave otkrivaju\u0107i \u0161to vodi \u010demu i kako nas to dru\u0161tvo trpa u obrasce, \u201emisaone \u0107elije\u201c u kojima nam nije dobro. Na kraju svega, ja samo \u017eelim da me svi ostave na miru&#8230;.Moja osobnost nikoga ne ugro\u017eava. Nekada se tje\u0161im da je dobro da ne \u017eivim u primitivnoj sredini. Ali zapravo, nisam ni daleko&#8230;<\/em><br \/><em>U svakom slu\u010daju, ho\u0107u vam re\u0107i da se ja nikad ne\u0107u sramiti svog djeteta kao \u0161to se vi sramite mene. Sjest \u0107u s njom ili njim i pri\u010dati o svemu. Znam da ne\u0107u sve razumjeti, niti to itko mo\u017ee. Ali ne\u0107u dopustiti sebi tvrditi da iza najdalje to\u010dke koju vidim na horizontu na postoji ni\u0161ta.<\/em><\/p><p><em>Vanja (23)<\/em><\/p>\t\t\t\t\t\t\t\t<\/div>\n\t\t\t\t<div class=\"elementor-element elementor-element-7eee369 elementor-widget elementor-widget-text-editor\" data-id=\"7eee369\" data-element_type=\"widget\" data-widget_type=\"text-editor.default\">\n\t\t\t\t\t\t\t\t\t<p>Mama, nisam bolesna, nisam protiv prirode, nisam nastrana. Molim te prihvati me i nemoj biti lo\u0161e zbog toga \u0161to jesam. Stalno mi ka\u017ee\u0161 da ho\u0107e\u0161 da budem sretna, ali ne mogu biti sretna kad znam da si ti nesretna zbog toga \u0161to jesam. Mo\u017eemo \u017eivjeti lijepo, sretno i u miru, samo me prihvati.. molim te\u2026<\/p><p>Marija<\/p>\t\t\t\t\t\t\t\t<\/div>\n\t\t\t\t<div class=\"elementor-element elementor-element-b01d0f6 elementor-widget elementor-widget-heading\" data-id=\"b01d0f6\" data-element_type=\"widget\" data-widget_type=\"heading.default\">\n\t\t\t\t\t<h3 class=\"elementor-heading-title elementor-size-default\">Dragi roditelji,<\/h3>\t\t\t\t<\/div>\n\t\t\t\t<div class=\"elementor-element elementor-element-3bbf028 elementor-widget elementor-widget-text-editor\" data-id=\"3bbf028\" data-element_type=\"widget\" data-widget_type=\"text-editor.default\">\n\t\t\t\t\t\t\t\t\t<p><em>Od svoje petnaeste godine razmi\u0161ljala sam kako da vam ka\u017eem tko sam, kako da vam na najbla\u017ei mogu\u0107i na\u010din ka\u017eem koga volim i upoznam vas s njom. Bojala sam se da \u0107ete se u\u017easno ljutiti, da \u0107ete biti povrije\u0111eni, izbaciti me iz ku\u0107e i ono najgore da me ne\u0107ete vi\u0161e voljeti. Sjedila bi kao zale\u0111ena svaki put kada bi se na televiziji, radiju ili novinama spominjala homoseksualnost i slu\u0161ala va\u0161e komentare kako je to bolesno, kako se \u0161iri kao po\u0161ast sa zapada i kako li ti roditelji odgajaju djecu da ispadnu tako lo\u0161i, neprirodni.<\/em><\/p><p><em>U neku ruku nisam mogla vjerovati da su osobe koje to govore iste one koje su mene oduvijek podizale s ljubavlju i pru\u017eale mi sve \u0161to mi je trebalo u \u017eivotu. Bili ste strogi, ali pravedni i nau\u010dili me toliko toga \u0161to mi je u \u017eivotu va\u017eno. Vo\u0111ena time, va\u0161im osje\u0107ajem za pravdu i ljubavi, sa 18 sam vam godina rekla za svoju seksualnu orijentaciju i da sam u vezi s Jelenom ve\u0107 2 godine. Bilo mi je lak\u0161e re\u0107i vam odmah obje stvari jer je njeno ime unosilo sigurnost u mene, a i \u010dinilo mi se da \u0107e vam ne\u0161to ljudsko u cijeloj toj pri\u010di o seksualnoj orijentaciji pomo\u0107i da se bolje sna\u0111ete s novom informacijom.<\/em><\/p><p><em>\u017delim vam zahvaliti \u0161to ste me saslu\u0161ali tada prije 15 godina, znam kakav je to napor morao biti. Najvjerojatnije gotovo jednak mojem dok sam odrastaju\u0107i poku\u0161avala shvatiti da li privla\u010dnost koju osje\u0107am prema curama mogu ugurati u ladicu prijateljstva ili ne, gotovo jednak strahu, prijeziru prema sebi i tuzi kada sam napokon priznala sebi da se radi o ljubavi prema curama, a ne o prijateljskim osje\u0107ajima. Mora da ste se osje\u0107ali ako da \u017eelite da vas zemlja proguta, niste vjerovali da se to doga\u0111a bas vama, ne va\u0161e dijete, ne vi.\u00a0<\/em><\/p><p><em>Hvala vam \u0161to niste preburno reagirali taj prvi trenutak. Na tome \u0107u vam uvijek biti zahvalna bez obzira na to \u0161to od tada nismo razgovarali o ni\u010demu osim o mom \u0161kolovanju i poslu. Ipak ste ostali tu. Nije lako kada vam se promijeni slika koju ste imali o svom i mom \u017eivotu.<\/em><br \/><em>\u017dao mi je \u0161to se niste bolje nosili s podatkom o mojoj seksualnoj orijentaciji. \u017dao mi je \u0161to vas to jo\u0161 uvijek spre\u010dava da budete dio mog \u017eivota u potpunosti. \u017dao mi je \u0161to ne poznate moju partnericu, \u0161to niste upoznali svog unuka i \u0161to niste nikada dozvolili da vam dam sve \u0161to mogu od sebe.\u00a0<\/em><\/p><p><em>Marinela, 33<\/em><\/p>\t\t\t\t\t\t\t\t<\/div>\n\t\t\t\t<\/div>\n\t\t<div class=\"elementor-element elementor-element-714a24a e-con-full e-flex e-con e-parent\" data-id=\"714a24a\" data-element_type=\"container\" data-settings=\"{&quot;background_background&quot;:&quot;classic&quot;}\">\n\t\t\t\t<div class=\"elementor-element elementor-element-7b04ca5 elementor-widget elementor-widget-heading\" data-id=\"7b04ca5\" data-element_type=\"widget\" data-widget_type=\"heading.default\">\n\t\t\t\t\t<h3 class=\"elementor-heading-title elementor-size-default\">Dragi starci,<\/h3>\t\t\t\t<\/div>\n\t\t\t\t<div class=\"elementor-element elementor-element-73c20ce elementor-widget elementor-widget-text-editor\" data-id=\"73c20ce\" data-element_type=\"widget\" data-widget_type=\"text-editor.default\">\n\t\t\t\t\t\t\t\t\t<p>Sjedim ve\u0107 poprili\u010dno dugo ispred praznog papira poku\u0161avaju\u0107i sro\u010diti \u0161to bih vam sve \u017eeljela re\u0107i.. i mislim si.. upravo to.. koliko bi bilo lak\u0161e da me znate i \u017eelite slu\u0161ati i koliko bi lak\u0161e bilo \u017eivjeti da svojim najbli\u017eima mogu otvoreno govoriti o sebi, o tome koliko sam sretna ili za\u0161to sam toliko o\u010dajna i tu\u017ena. Znam, mama, da sumnja\u0161 da sam lezbijka.. ali ne daj Bo\u017ee to na glas izgovoriti, jel&#8217; da? Koliko bi tvoje prividno sigurne temelje poljuljalo da o tome progovorimo.. ili mo\u017eda da pone\u0161to o tome nau\u010di\u0161? Eee, znam, znam, nije se lako oduprijeti dru\u0161tvu u kojem \u017eivimo i prihvatiti ne\u0161to druk\u010dije od ve\u0107ine kada ti to isto dru\u0161tvo name\u0107e kako se treba\u0161 pona\u0161ati, \u0161to i prema kome mora\u0161 osje\u0107ati, kako treba\u0161 izgledati i kako se obla\u010diti.. znam da nije lako, ja se s time borim cijeli svoj \u017eivot.. jo\u0161 od vrti\u0107a svaku ve\u010der s time lije\u017eem i s time se budim.. ali pustimo to sada, ja znam da vi mene volite najvi\u0161e na svijetu, ali ne mogu se oduprijeti tome da mi se svako toliko ne pojave pitanja poput: Koga vi zapravo volite? Da li neku sliku mene koju ste si stvorili, ili..? Za\u0161to me nikada, ali ba\u0161 nikada ne pitate za\u0161to sam danas toliko sretna? Ili za\u0161to sam tako tu\u017ena? Zar vas to zbilja ne zanima ili se bojite odgovora? Za\u0161to meni nikada ne za\u017eelite lijepi provod kada izlazim van ili odlazim na neki izlet a bratu svaki put?<br \/><br \/>A ja \u010desto gorim od \u017eelje da vam ispri\u010dam kako mi je lijepo bilo.. gorim od \u017eelje da s vama podijelim koliko sam sretna \u0161to imam pored sebe nekoga poput nje koja me voli, eto, ba\u0161 takvu kakva jesam! Da, dragi moji, ta osoba \u010dije ime nikada ne spominjemo, to je moja djevojka koju toliko volim, s kojom se smijem i s kojom pla\u010dem, koja mi je najve\u0107a podr\u0161ka i koja me inspirira da budem ono \u0161to zbilja jesam..<br \/><br \/>Voljela bih da ju upoznate, sigurna sam da bi vam se svidjela.. samo kada bi stvari bile jednostavnije (kao \u0161to u biti i jesu, samo vi to ne mo\u017eete vidjeti jer ste toliko daleko..).<br \/>Sigurna sam da oboje sumnjate u moju seksualnost, jer logi\u010dno je, imam toliko godina, nemam de\u010dka.. (zapravo po pravilima, ve\u0107 bih trebala imati mu\u017ea i barem dvoje djece).. i ba\u0161 zato mi se u\u010dini da neke stvari radite namjerno.. ne pro\u0111e niti jedan film ili serija u kojoj se pojavljuje neki lik homoseksualne orijentacije a da vi nemate otrovne komentare tipa: kako je bolestan\/na, perverznjaku\u0161a, peder\u010dina, odvratna lezba\u010da i sl. Da li znate da me svaki put kada to izgovorite svjesno ili nesvjesno, ubodete duboko u srce? Jer to je moj \u017eivot, to su moji osje\u0107aji.. i znam da u tom trenutku tako i o meni mislite.. a to boli, jako boli.. i ne znam \u0161to mislite s time posti\u0107i?! Moram vam re\u0107i da \u0107ete s time posti\u0107i to da \u0107u vam nestati iz \u017eivota, a znam da to nije ono \u0161to \u017eelite.. ali izme\u0111u ljubavi, uva\u017eavanja, po\u0161tivanja i vrije\u0111anja, omalova\u017eavanja, tuge.. dragi roditelji, ja \u0107u odabrati ovo prvo!<br \/><br \/>Ka\u017eu da je obitelj uvijek sigurna luka, e pa najdra\u017ei moji, ne dajte da ja u svojoj pred va\u0161im o\u010dima potonem\u2026\u00a0\u00a0<\/p><p>Ivana<\/p>\t\t\t\t\t\t\t\t<\/div>\n\t\t\t\t<div class=\"elementor-element elementor-element-fc85d96 elementor-widget elementor-widget-heading\" data-id=\"fc85d96\" data-element_type=\"widget\" data-widget_type=\"heading.default\">\n\t\t\t\t\t<h3 class=\"elementor-heading-title elementor-size-default\">Draga mama,<\/h3>\t\t\t\t<\/div>\n\t\t\t\t<div class=\"elementor-element elementor-element-f389f78 elementor-widget elementor-widget-text-editor\" data-id=\"f389f78\" data-element_type=\"widget\" data-widget_type=\"text-editor.default\">\n\t\t\t\t\t\t\t\t\t<p><em>Ne znam od kuda potreba da ti napi\u0161em ne\u0161to, da ti prenesem dio svojih razmi\u0161ljanja. Nekako mi se \u010dini da danas rijetko kada uspijemo razgovarati,\u00a0 ada se ne radi o svakodnevnim stvarima i problemima. Svako ima ne\u0161to svoje. I \u010desto te ne \u017eelim optere\u0107ivati dodatnim razgovorima i dodatnim temama ili vra\u0107ati na ne\u0161to o \u010demu smo ve\u0107 razgovarale. Samo bi htjela ovom prilikom zahvaliti ti od srca i potpuno na ljubavi koju mi pru\u017ea\u0161 iz dana u dan i koja se nije promijenila bez obzira na sve moje gluposti odrastanja, a niti kada sam ti rekla da volim cure. Hvala ti \u0161to me voli\u0161 potpuno i \u0161to voli\u0161 i moju partnericu. Hvala ti \u0161to si uz mene kroz lijepa i te\u0161ka vremena i \u0161to si utjelovljenje onoga \u0161to rije\u010d mama i treba predstavljati.<\/em><br \/><em>Ako je ikada roditeljska ljubav stajala za apsolutnu bezuvjetnu ljubav \u2013 ti si primjer pravog roditelja. Ti si mi i mama i tata i druga\u010dije ne bi ni \u017eeljela da stoje stvari. Bolje ne mo\u017ee. Hvala ti na \u017eivotu, hvala ti na ljubavi.<\/em><br \/><em>Nadam se da \u0107u uskoro i ja biti takva mama.\u00a0<\/em><br \/><em>S ljubavlju, Arina<\/em><\/p>\t\t\t\t\t\t\t\t<\/div>\n\t\t\t\t<div class=\"elementor-element elementor-element-1b14381 elementor-widget elementor-widget-image\" data-id=\"1b14381\" data-element_type=\"widget\" data-widget_type=\"image.default\">\n\t\t\t\t\t\t\t\t\t\t\t\t\t\t\t<img loading=\"lazy\" decoding=\"async\" width=\"800\" height=\"487\" src=\"https:\/\/lori.hr\/wp-content\/uploads\/2023\/04\/ThankYou.jpg\" class=\"attachment-large size-large wp-image-4796\" alt=\"\" srcset=\"https:\/\/lori.hr\/wp-content\/uploads\/2023\/04\/ThankYou.jpg 800w, https:\/\/lori.hr\/wp-content\/uploads\/2023\/04\/ThankYou-300x183.jpg 300w, https:\/\/lori.hr\/wp-content\/uploads\/2023\/04\/ThankYou-768x468.jpg 768w\" sizes=\"auto, (max-width: 800px) 100vw, 800px\" \/>\t\t\t\t\t\t\t\t\t\t\t\t\t\t\t<\/div>\n\t\t\t\t<\/div>\n\t\t\t\t\t<\/div>\n\t\t\t\t<\/div>\n\t\t<div class=\"elementor-element elementor-element-a1f6d5d e-flex e-con-boxed e-con e-parent\" data-id=\"a1f6d5d\" data-element_type=\"container\">\n\t\t\t\t\t<div class=\"e-con-inner\">\n\t\t<div class=\"elementor-element elementor-element-59e29ee e-con-full e-flex e-con e-parent\" data-id=\"59e29ee\" data-element_type=\"container\" data-settings=\"{&quot;background_background&quot;:&quot;classic&quot;}\">\n\t\t\t\t<div class=\"elementor-element elementor-element-51691e1 elementor-widget elementor-widget-heading\" data-id=\"51691e1\" data-element_type=\"widget\" data-widget_type=\"heading.default\">\n\t\t\t\t\t<h3 class=\"elementor-heading-title elementor-size-default\">Draga nona,<\/h3>\t\t\t\t<\/div>\n\t\t\t\t<div class=\"elementor-element elementor-element-6e530ef elementor-widget elementor-widget-text-editor\" data-id=\"6e530ef\" data-element_type=\"widget\" data-widget_type=\"text-editor.default\">\n\t\t\t\t\t\t\t\t\t<p>na\u017ealost nisi vi\u0161e sa mnom, nisi na ovom svijetu i siroma\u0161niji smo svi zbog toga. Osje\u0107am prazninu koju si ostavila za sobom svaki dan i ne vjerujem da \u0107e ikada biti druga\u010dije.<br \/>Nas dvije smo imale buran odnos od dana kada sam se rodila najvjerojatnije. Druga\u010dija su vremena bila kada si ti odrastala, druga\u010dije vrijednosti. No, ono \u0161to sam uvijek obo\u017eavala kod tebe je da si se kretala u korak s dru\u0161tvom, stalno \u010ditala, stalno u\u010dila o tome \u0161to se doga\u0111a u svijetu. Nisam znala kako \u0107e\u0161 prihvatiti moju seksualnu orijentaciju, da li \u0107e\u0161 razumjeti ili \u0107e to dovesti do sva\u0111a koje smo i znale imati. Nisam bila sigurna da li ti, sa svojih 82 godine, mo\u017ee\u0161 prihvatiti tako ne\u0161to budu\u0107i te je dru\u0161tvo u\u010dilo da to nije normalno niti prirodno. Kako sam se iznenadila, iako u neku ruku nisam o\u010dekivala suprotno, kada si samo zatra\u017eila obja\u0161njenje \u0161to je to lezbijka, bez da u\u0111e\u0161 u uvjeravanja kako to nije dobro, kako mi treba mu\u0161karac, itd. Od tog dana na dalje neprestano si me iznena\u0111ivala. Pitala si me da ti objasnim seksualne manjine i rodne manjine, da ti pri\u010dam o ljudima s kojima se dru\u017eim i jedva si do\u010dekala da upozna\u0161 moju curu. Nitko ju nije prihvatio kao ti. Ta toplina s kojom si o njoj pri\u010dala grijala nam je srca. Ne mo\u017ee\u0161 ni zamisliti koliko mi nedostaje\u0161 i koliko su te tvoje jednostavne geste meni zna\u010dile. I da mi kroz \u017eivot nisi bila tako dobra i da te nisam toliko voljela, samo to bilo bi dovoljno da zaboravim na bilo \u0161to lo\u0161e me\u0111u nama. Hvala ti nona. \u017dao mi je da vi\u0161e nisi s nama i da ne\u0107e\u0161 imati priliku vidjeti moju djecu, a tako sam htjela da do\u017eivi\u0161 praunuke. Hvala ti na ljubavi i svemu \u0161to si mi bila. Hvala ti i na svakom ru\u010dku, ti zna\u0161 na \u0161to mislim.<br \/>S ljubavlju, Arina<\/p>\t\t\t\t\t\t\t\t<\/div>\n\t\t\t\t<\/div>\n\t\t<div class=\"elementor-element elementor-element-6842692 e-con-full e-flex e-con e-parent\" data-id=\"6842692\" data-element_type=\"container\">\n\t\t\t\t<div class=\"elementor-element elementor-element-abf3086 elementor-widget elementor-widget-heading\" data-id=\"abf3086\" data-element_type=\"widget\" data-widget_type=\"heading.default\">\n\t\t\t\t\t<h3 class=\"elementor-heading-title elementor-size-default\">Dragi mama i tata,<\/h3>\t\t\t\t<\/div>\n\t\t\t\t<div class=\"elementor-element elementor-element-342705a elementor-widget elementor-widget-text-editor\" data-id=\"342705a\" data-element_type=\"widget\" data-widget_type=\"text-editor.default\">\n\t\t\t\t\t\t\t\t\t<p><em>znam da ste sigurni kako ovo ne pi\u0161em ja; homoseksualnost se doga\u0111a drugim obiteljima, a ne obiteljima poput na\u0161e.<\/em><br \/><em>Svaki dan svjedo\u010dim ljubavi u na\u0161oj obitelji, ali meni nije dozvoljeno voljeti.<\/em><br \/><em>Ja sam, naime, zaljubljena u \u017eenu.<\/em><br \/><em>Budu\u0107i da je svaka osoba ljubav koju daje drugima, mene kao da nema.<\/em><br \/><em>Pitate me za\u0161to sam tu\u017ena. Tu\u017ena sam jer svoju ljubav prema V\u2014 ne mogu podijeliti s vama jer vas ne \u017eelim povrijediti. I ja sam samo ljudsko bi\u0107e, i treba mi ljubav.<\/em><br \/><em>Kako svoju ljubav ne smijem iskazati, ostaju mi dvije mogu\u0107nosti.<\/em><br \/><em>Prva je da odem daleko od vas, tamo gdje \u0107u mo\u0107i biti ono \u0161to jesam; ono \u0161to ne znate ne mo\u017ee vas povrijediti. Ne\u0107ete me vi\u0111ati i ne\u0107u biti kraj vas ako me budete trebali, ali \u0107u ostati &#8220;savr\u0161ena&#8221;.<\/em><br \/><em>Druga je da se predam ovom osje\u0107aju boli, bezna\u0111a i straha, i ubijem se.<\/em><br \/><em>\u010cesto razmi\u0161ljam o jednoj pa o drugoj opciji i ve\u0107 devet godina razmi\u0161ljam \u0161to u\u010diniti. Nadam se da \u0107ete me voljeti ovakvu kakva jesam, bez obzira na to koga volim.<\/em><br \/><em>Prihvatite me i ostanimo zajedno.<\/em><br \/><br \/><em>Voli vas va\u0161a<\/em><br \/><em>Ariana (24)<\/em><\/p>\t\t\t\t\t\t\t\t<\/div>\n\t\t\t\t<\/div>\n\t\t\t\t\t<\/div>\n\t\t\t\t<\/div>\n\t\t<div class=\"elementor-element elementor-element-3c0252c e-flex e-con-boxed e-con e-parent\" data-id=\"3c0252c\" data-element_type=\"container\">\n\t\t\t\t\t<div class=\"e-con-inner\">\n\t\t<div class=\"elementor-element elementor-element-2f34b60 e-con-full e-flex e-con e-parent\" data-id=\"2f34b60\" data-element_type=\"container\">\n\t\t\t\t<div class=\"elementor-element elementor-element-7dbef91 elementor-widget elementor-widget-heading\" data-id=\"7dbef91\" data-element_type=\"widget\" data-widget_type=\"heading.default\">\n\t\t\t\t\t<h3 class=\"elementor-heading-title elementor-size-default\">hej mama...<\/h3>\t\t\t\t<\/div>\n\t\t\t\t<div class=\"elementor-element elementor-element-7fe4a00 elementor-widget elementor-widget-text-editor\" data-id=\"7fe4a00\" data-element_type=\"widget\" data-widget_type=\"text-editor.default\">\n\t\t\t\t\t\t\t\t\t<p>boli me tvoje nerazumijevanje&#8230;. bar tebi ne bi trebala obja\u0161njavati \u0161to zna\u010di voljeti.<br \/>dogodilo se da sam zavoljela NJU. i bila sam SRETNA.<br \/>zar nije to ono \u0161to je va\u017eno??<br \/>\u00a0<br \/>stari, hvala ti.<br \/>nikada ne\u0107u zaboraviti dan kada sam ti priznala da ju volim.<br \/>tvoj zagrljaj mi je potvrdio da imam pravo na svoje izbore,<br \/>koji ne moraju uvijek biti u nekim okvirima..<br \/>\u00a0<br \/>( i za moju sestru&#8230;)<br \/>dear little sister..<br \/>sada si ve\u0107 i vi\u0161a od mene.<br \/>\u017eelim ti samo re\u0107i da \u0107e\u0161 zapravo narasti tek kada prihvati\u0161 i dopusti\u0161 svijetu da bude RAZLI\u010cIT.<br \/>Tina<\/p>\t\t\t\t\t\t\t\t<\/div>\n\t\t\t\t<div class=\"elementor-element elementor-element-471245e elementor-widget elementor-widget-image\" data-id=\"471245e\" data-element_type=\"widget\" data-widget_type=\"image.default\">\n\t\t\t\t\t\t\t\t\t\t\t\t\t\t\t<img loading=\"lazy\" decoding=\"async\" width=\"800\" height=\"533\" src=\"https:\/\/lori.hr\/wp-content\/uploads\/2023\/04\/Roditelji.jpg\" class=\"attachment-large size-large wp-image-4797\" alt=\"\" srcset=\"https:\/\/lori.hr\/wp-content\/uploads\/2023\/04\/Roditelji.jpg 800w, https:\/\/lori.hr\/wp-content\/uploads\/2023\/04\/Roditelji-300x200.jpg 300w, https:\/\/lori.hr\/wp-content\/uploads\/2023\/04\/Roditelji-768x512.jpg 768w\" sizes=\"auto, (max-width: 800px) 100vw, 800px\" \/>\t\t\t\t\t\t\t\t\t\t\t\t\t\t\t<\/div>\n\t\t\t\t<\/div>\n\t\t<div class=\"elementor-element elementor-element-30a2604 e-con-full e-flex e-con e-parent\" data-id=\"30a2604\" data-element_type=\"container\" data-settings=\"{&quot;background_background&quot;:&quot;classic&quot;}\">\n\t\t\t\t<div class=\"elementor-element elementor-element-2499303 elementor-widget elementor-widget-heading\" data-id=\"2499303\" data-element_type=\"widget\" data-widget_type=\"heading.default\">\n\t\t\t\t\t<h3 class=\"elementor-heading-title elementor-size-default\">Mama,<\/h3>\t\t\t\t<\/div>\n\t\t\t\t<div class=\"elementor-element elementor-element-cca2969 elementor-widget elementor-widget-text-editor\" data-id=\"cca2969\" data-element_type=\"widget\" data-widget_type=\"text-editor.default\">\n\t\t\t\t\t\t\t\t\t<p><em>Puno je godina pro\u0161lo otkada ti poku\u0161avam re\u0107i ovo \u0161to \u0107u ti sada napisati u ovome pismu. U pismu, kojega ti mo\u017eda nikada ne\u0107u dati.<\/em><br \/><em>No, nadam se da \u0107u jednom ipak skupiti dovoljno hrabrosti da ti ga dam.<\/em><br \/><em>Uop\u0107e ne znam kako da ti to ka\u017eem, ne znam ni koje bi rije\u010di koristila, da te \u0161to manje povrijedim i da me ti mo\u017eda bolje razumije\u0161 u svemu tome.<\/em><br \/><em>Mama, ja volim \u017eene!<\/em><br \/><em>Mama, ja sam lezbijka!<\/em><br \/><br \/><em>Sigurno si sad u \u0161oku, nakon ovih mojih rije\u010di.<\/em><br \/><em>Ne znam, mama \u0161to bih ti rekla, jedino da sam to jednostavno ja i da jedino uz \u017eenu mogu ostvariti svoju sre\u0107u.<\/em><br \/><br \/><em>Puno sam i previ\u0161e godina \u017eivjela u strahu i mr\u017enji prema samoj sebi, u nadi da \u0107u jednog dana samo umrijeti ili skupiti dovoljno hrabrosti oduzeti si \u017eivot i tako olak\u0161ati muke i sebi i drugima.<\/em><br \/><em>Ali vi\u0161e ne! Ja \u017eelim \u017eivjeti, \u017eelim \u017eivjeti ono \u0161to jesam, onakva kakva jesam, samo \u017eelim biti sretna.<\/em><br \/><br \/><em>Sje\u0107a\u0161 li se, kada sam se kao dijete poku\u0161ala ubiti nekoliko puta? Drugi problemi i na\u0161 te\u017eak \u017eivot, bili su samo izlika za to. U meni je bilo jo\u0161 milijun muka i pitanja i sve je to jednostavno bilo previ\u0161e za mene.<\/em><br \/><em>Samo se nadam da \u0107e\u0161 me barem nekako mo\u0107i razumjeti i istinski mi \u017eeljeti sre\u0107u.<\/em><br \/><br \/><em>Tata, nadam se da me ti puno bolje razumije\u0161 i nadam se da se ponosi\u0161 mnome.<\/em><br \/><em>Nekako osje\u0107am da ti, gledaju\u0107i odozgo puno &#8220;bolje&#8221; mo\u017ee\u0161 vidjeti neke stvari..<\/em><br \/><br \/><em>Tanja<\/em><\/p>\t\t\t\t\t\t\t\t<\/div>\n\t\t\t\t<\/div>\n\t\t\t\t\t<\/div>\n\t\t\t\t<\/div>\n\t\t<div class=\"elementor-element elementor-element-e116144 e-flex e-con-boxed e-con e-parent\" data-id=\"e116144\" data-element_type=\"container\">\n\t\t\t\t\t<div class=\"e-con-inner\">\n\t\t\t\t<div class=\"elementor-element elementor-element-3ff6db4 elementor-widget elementor-widget-spacer\" data-id=\"3ff6db4\" data-element_type=\"widget\" data-widget_type=\"spacer.default\">\n\t\t\t\t\t\t\t<div class=\"elementor-spacer\">\n\t\t\t<div class=\"elementor-spacer-inner\"><\/div>\n\t\t<\/div>\n\t\t\t\t\t\t<\/div>\n\t\t\t\t\t<\/div>\n\t\t\t\t<\/div>\n\t\t\t\t<\/div>","protected":false},"excerpt":{"rendered":"<p>Otvorena pisma Dragi mama i tata, do\u0161la su u na\u0161em odnosu neka te\u0161ka vremena, vremena dodu\u0161e koja vi ni ne primje\u0107ujete i za koje ne znate, dijelom mojoj krivicom, a dijelom va\u0161im odbijanjem da vidite ono \u0161to vam je pred o\u010dima svaki dan. Ve\u0107 godinama mi nije lako, mu\u010dim se s odrastanjem, stvaranjem identiteta, razvijanjem &hellip;<\/p>\n<p class=\"read-more\"> <a class=\"\" href=\"https:\/\/lori.hr\/en\/otvorena-pisma\/\"> <span class=\"screen-reader-text\">Otvorena pisma<\/span> Read More \u00bb<\/a><\/p>","protected":false},"author":1,"featured_media":0,"parent":0,"menu_order":0,"comment_status":"closed","ping_status":"closed","template":"","meta":{"_uag_custom_page_level_css":"","site-sidebar-layout":"no-sidebar","site-content-layout":"page-builder","ast-site-content-layout":"","site-content-style":"default","site-sidebar-style":"default","ast-global-header-display":"","ast-banner-title-visibility":"","ast-main-header-display":"","ast-hfb-above-header-display":"","ast-hfb-below-header-display":"","ast-hfb-mobile-header-display":"","site-post-title":"disabled","ast-breadcrumbs-content":"","ast-featured-img":"disabled","footer-sml-layout":"","theme-transparent-header-meta":"","adv-header-id-meta":"","stick-header-meta":"","header-above-stick-meta":"","header-main-stick-meta":"","header-below-stick-meta":"","astra-migrate-meta-layouts":"","footnotes":""},"class_list":["post-4792","page","type-page","status-publish","hentry"],"uagb_featured_image_src":{"full":false,"thumbnail":false,"medium":false,"medium_large":false,"large":false,"1536x1536":false,"2048x2048":false,"trp-custom-language-flag":false},"uagb_author_info":{"display_name":"LORI","author_link":"https:\/\/lori.hr\/en\/author\/ikenji\/"},"uagb_comment_info":0,"uagb_excerpt":"Otvorena pisma Dragi mama i tata, do\u0161la su u na\u0161em odnosu neka te\u0161ka vremena, vremena dodu\u0161e koja vi ni ne primje\u0107ujete i za koje ne znate, dijelom mojoj krivicom, a dijelom va\u0161im odbijanjem da vidite ono \u0161to vam je pred o\u010dima svaki dan. Ve\u0107 godinama mi nije lako, mu\u010dim se s odrastanjem, stvaranjem identiteta, razvijanjem&hellip;","_links":{"self":[{"href":"https:\/\/lori.hr\/en\/wp-json\/wp\/v2\/pages\/4792","targetHints":{"allow":["GET"]}}],"collection":[{"href":"https:\/\/lori.hr\/en\/wp-json\/wp\/v2\/pages"}],"about":[{"href":"https:\/\/lori.hr\/en\/wp-json\/wp\/v2\/types\/page"}],"author":[{"embeddable":true,"href":"https:\/\/lori.hr\/en\/wp-json\/wp\/v2\/users\/1"}],"replies":[{"embeddable":true,"href":"https:\/\/lori.hr\/en\/wp-json\/wp\/v2\/comments?post=4792"}],"version-history":[{"count":7,"href":"https:\/\/lori.hr\/en\/wp-json\/wp\/v2\/pages\/4792\/revisions"}],"predecessor-version":[{"id":4803,"href":"https:\/\/lori.hr\/en\/wp-json\/wp\/v2\/pages\/4792\/revisions\/4803"}],"wp:attachment":[{"href":"https:\/\/lori.hr\/en\/wp-json\/wp\/v2\/media?parent=4792"}],"curies":[{"name":"wp","href":"https:\/\/api.w.org\/{rel}","templated":true}]}}