{"id":4958,"date":"2023-04-17T11:05:03","date_gmt":"2023-04-17T09:05:03","guid":{"rendered":"https:\/\/lori.hr\/?page_id=4958"},"modified":"2023-04-17T11:06:03","modified_gmt":"2023-04-17T09:06:03","slug":"marina-matic-tandaric","status":"publish","type":"page","link":"https:\/\/lori.hr\/en\/marina-matic-tandaric\/","title":{"rendered":"Marina Mati\u0107 Tandari\u0107"},"content":{"rendered":"<div data-elementor-type=\"wp-page\" data-elementor-id=\"4958\" class=\"elementor elementor-4958\" data-elementor-post-type=\"page\">\n\t\t\t\t<div class=\"elementor-element elementor-element-57359a07 navboja e-flex e-con-boxed e-con e-parent\" data-id=\"57359a07\" data-element_type=\"container\" data-settings=\"{&quot;background_background&quot;:&quot;classic&quot;}\">\n\t\t\t\t\t<div class=\"e-con-inner\">\n\t\t\t\t<div class=\"elementor-element elementor-element-3b2bfedd elementor-widget elementor-widget-spacer\" data-id=\"3b2bfedd\" data-element_type=\"widget\" data-widget_type=\"spacer.default\">\n\t\t\t\t\t\t\t<div class=\"elementor-spacer\">\n\t\t\t<div class=\"elementor-spacer-inner\"><\/div>\n\t\t<\/div>\n\t\t\t\t\t\t<\/div>\n\t\t\t\t\t<\/div>\n\t\t\t\t<\/div>\n\t\t<div class=\"elementor-element elementor-element-38fc937e e-flex e-con-boxed e-con e-parent\" data-id=\"38fc937e\" data-element_type=\"container\">\n\t\t\t\t\t<div class=\"e-con-inner\">\n\t\t\t\t<div class=\"elementor-element elementor-element-50fd04d7 elementor-widget elementor-widget-spacer\" data-id=\"50fd04d7\" data-element_type=\"widget\" data-widget_type=\"spacer.default\">\n\t\t\t\t\t\t\t<div class=\"elementor-spacer\">\n\t\t\t<div class=\"elementor-spacer-inner\"><\/div>\n\t\t<\/div>\n\t\t\t\t\t\t<\/div>\n\t\t\t\t<div class=\"elementor-element elementor-element-290421d2 elementor-widget elementor-widget-heading\" data-id=\"290421d2\" data-element_type=\"widget\" data-widget_type=\"heading.default\">\n\t\t\t\t\t<h1 class=\"elementor-heading-title elementor-size-xl\">Marina Mati\u0107 Tandari\u0107<\/h1>\t\t\t\t<\/div>\n\t\t\t\t<div class=\"elementor-element elementor-element-9fc5ae elementor-widget-divider--view-line elementor-widget elementor-widget-divider\" data-id=\"9fc5ae\" data-element_type=\"widget\" data-widget_type=\"divider.default\">\n\t\t\t\t\t\t\t<div class=\"elementor-divider\">\n\t\t\t<span class=\"elementor-divider-separator\">\n\t\t\t\t\t\t<\/span>\n\t\t<\/div>\n\t\t\t\t\t\t<\/div>\n\t\t\t\t\t<\/div>\n\t\t\t\t<\/div>\n\t\t<div class=\"elementor-element elementor-element-57246976 e-flex e-con-boxed e-con e-parent\" data-id=\"57246976\" data-element_type=\"container\">\n\t\t\t\t\t<div class=\"e-con-inner\">\n\t\t<div class=\"elementor-element elementor-element-222e1fe8 e-con-full e-flex e-con e-parent\" data-id=\"222e1fe8\" data-element_type=\"container\">\n\t\t\t\t<div class=\"elementor-element elementor-element-3948a357 elementor-widget elementor-widget-text-editor\" data-id=\"3948a357\" data-element_type=\"widget\" data-widget_type=\"text-editor.default\">\n\t\t\t\t\t\t\t\t\t<h3 class=\"subtitle\">psihologinja<\/h3><div class=\"address\">\u00a0<\/div><div class=\"contact\"><h3><span style=\"font-size: 1.5em; font-weight: bold;\">Other information<\/span><\/h3><\/div><p>Iskustvo u savjetovanju\/psihoterapiji:\u00a0<strong>DA<\/strong><br \/><br \/>Primarna podru\u010dja rada:\u00a0<strong>p<\/strong><b>rofesorica (\u0161kole\/fakulteti),\u00a0Savjetodavni i terapijski rad u okvirima vlastitog obrta\u00a0<em>Ge\u0161taltum<\/em>, smje\u0161tenog u Osijeku, ulici J.J. Strossmayera 101<\/b><br \/><br \/>Iskustvo u radu s LGBTIQ osobama:\u00a0<strong>DA<\/strong><br \/><br \/>Zavr\u0161ena edukacija:\u00a0<strong>2018-2020 Dvogodi\u0161nja bazi\u010dna edukacija iz podru\u010dja Ge\u0161talt psihoterapije u sklopu Europski akreditiranog psihoterapijskog trening Instituta za psihoterapiju EAPTI Psihika<\/strong><br \/><br \/>Edukacija u tijeku:\u00a0<strong>2021- Napredna edukacija iz Ge\u0161talt psihoterapije u sklopu Europski akreditiranog psihoterapijskog trening Instituta za psihoterapiju EAPTI Psihika<\/strong><br \/><br \/>Dodatne edukacije ili vje\u0161tine:\u00a0<\/p><p><strong>2013- Upisan poslijediplomski sveu\u010dili\u0161ni znanstveni doktorski studij Pedagogija na Filozofskom fakultetu Sveu\u010dili\u0161ta Josipa Jurja Strossmayera u Osijeku, podru\u010dje socijalne pedagogije i pedagogije slobodnoga vremena na temu Povezanost supkulturnih stilova i kultura slobodnoga vremena adolescenata, obrana disertacije o\u010dekivana u jesen 2021. godine<\/strong><\/p><p><strong>2018- Aktivno radi kao ge\u0161talt psihoterapeut u superviziji sa klijentima<\/strong><\/p><p><strong>2021- Osniva ured ili obrt Ge\u0161taltum u Osijeku za pru\u017eanje savjetodavnih i psihoterapijskih usluga gdje svakodnevno radi sa klijentima<\/strong><\/p><p><strong>2019- Vanjska suradnica Centra za Socijalnu skrb Osijek u svojstvu Voditelja mjere stru\u010dne pomo\u0107i i Voditelja mjere intenzivne stru\u010dne pomo\u0107i i nadzora nad ostvarivanjem skrbi o djetetu\/djeci<\/strong><\/p>\t\t\t\t\t\t\t\t<\/div>\n\t\t\t\t<\/div>\n\t\t<div class=\"elementor-element elementor-element-34d86270 e-con-full e-flex e-con e-parent\" data-id=\"34d86270\" data-element_type=\"container\" data-settings=\"{&quot;background_background&quot;:&quot;classic&quot;}\">\n\t\t\t\t<div class=\"elementor-element elementor-element-dea9f8 elementor-widget elementor-widget-spacer\" data-id=\"dea9f8\" data-element_type=\"widget\" data-widget_type=\"spacer.default\">\n\t\t\t\t\t\t\t<div class=\"elementor-spacer\">\n\t\t\t<div class=\"elementor-spacer-inner\"><\/div>\n\t\t<\/div>\n\t\t\t\t\t\t<\/div>\n\t\t\t\t<div class=\"elementor-element elementor-element-43e52ac9 elementor-widget elementor-widget-heading\" data-id=\"43e52ac9\" data-element_type=\"widget\" data-widget_type=\"heading.default\">\n\t\t\t\t\t<h2 class=\"elementor-heading-title elementor-size-default\">Contact:<\/h2>\t\t\t\t<\/div>\n\t\t\t\t<div class=\"elementor-element elementor-element-68637bbc elementor-widget elementor-widget-text-editor\" data-id=\"68637bbc\" data-element_type=\"widget\" data-widget_type=\"text-editor.default\">\n\t\t\t\t\t\t\t\t\t<div class=\"address\"><h3>Adresa<\/h3><p>Osijek<br \/>31000<\/p><\/div><div class=\"contact\"><h3>Contact us<\/h3><p><span id=\"cloak81026\">E-mail: gestaltum.savjetovanje@gmail.com<\/span><\/p><p>Mob. <span id=\"eeb-401263-550884\"><\/span><script type=\"text\/javascript\">(function() {var ml=\"08192F-63%\",mi=\"03394571363482\",o=\"\";for(var j=0,l=mi.length;j<l;j++) {o+=ml.charAt(mi.charCodeAt(j)-48);}document.getElementById(\"eeb-401263-550884\").innerHTML = decodeURIComponent(o);}());<\/script><noscript>*protected email*<\/noscript><\/p><\/div>\t\t\t\t\t\t\t\t<\/div>\n\t\t\t\t<\/div>\n\t\t\t\t\t<\/div>\n\t\t\t\t<\/div>\n\t\t<div class=\"elementor-element elementor-element-28af7688 e-flex e-con-boxed e-con e-parent\" data-id=\"28af7688\" data-element_type=\"container\" data-settings=\"{&quot;background_background&quot;:&quot;classic&quot;}\">\n\t\t\t\t\t<div class=\"e-con-inner\">\n\t\t<div class=\"elementor-element elementor-element-6945c968 e-con-full e-flex e-con e-parent\" data-id=\"6945c968\" data-element_type=\"container\">\n\t\t\t\t<div class=\"elementor-element elementor-element-10533647 elementor-widget elementor-widget-spacer\" data-id=\"10533647\" data-element_type=\"widget\" data-widget_type=\"spacer.default\">\n\t\t\t\t\t\t\t<div class=\"elementor-spacer\">\n\t\t\t<div class=\"elementor-spacer-inner\"><\/div>\n\t\t<\/div>\n\t\t\t\t\t\t<\/div>\n\t\t\t\t<\/div>\n\t\t\t\t\t<\/div>\n\t\t\t\t<\/div>\n\t\t\t\t<\/div>","protected":false},"excerpt":{"rendered":"<p>Marina Mati\u0107 Tandari\u0107 psihologinja \u00a0 Ostale informacije Iskustvo u savjetovanju\/psihoterapiji:\u00a0DA Primarna podru\u010dja rada:\u00a0profesorica (\u0161kole\/fakulteti),\u00a0Savjetodavni i terapijski rad u okvirima vlastitog obrta\u00a0Ge\u0161taltum, smje\u0161tenog u Osijeku, ulici J.J. Strossmayera 101 Iskustvo u radu s LGBTIQ osobama:\u00a0DA Zavr\u0161ena edukacija:\u00a02018-2020 Dvogodi\u0161nja bazi\u010dna edukacija iz podru\u010dja Ge\u0161talt psihoterapije u sklopu Europski akreditiranog psihoterapijskog trening Instituta za psihoterapiju EAPTI Psihika Edukacija &hellip;<\/p>\n<p class=\"read-more\"> <a class=\"\" href=\"https:\/\/lori.hr\/en\/marina-matic-tandaric\/\"> <span class=\"screen-reader-text\">Marina Mati\u0107 Tandari\u0107<\/span> Read More \u00bb<\/a><\/p>","protected":false},"author":1,"featured_media":0,"parent":0,"menu_order":0,"comment_status":"closed","ping_status":"closed","template":"","meta":{"_uag_custom_page_level_css":"","site-sidebar-layout":"no-sidebar","site-content-layout":"page-builder","ast-site-content-layout":"","site-content-style":"default","site-sidebar-style":"default","ast-global-header-display":"","ast-banner-title-visibility":"","ast-main-header-display":"","ast-hfb-above-header-display":"","ast-hfb-below-header-display":"","ast-hfb-mobile-header-display":"","site-post-title":"disabled","ast-breadcrumbs-content":"","ast-featured-img":"disabled","footer-sml-layout":"","theme-transparent-header-meta":"","adv-header-id-meta":"","stick-header-meta":"","header-above-stick-meta":"","header-main-stick-meta":"","header-below-stick-meta":"","astra-migrate-meta-layouts":"","footnotes":""},"class_list":["post-4958","page","type-page","status-publish","hentry"],"uagb_featured_image_src":{"full":false,"thumbnail":false,"medium":false,"medium_large":false,"large":false,"1536x1536":false,"2048x2048":false,"trp-custom-language-flag":false},"uagb_author_info":{"display_name":"LORI","author_link":"https:\/\/lori.hr\/en\/author\/ikenji\/"},"uagb_comment_info":0,"uagb_excerpt":"Marina Mati\u0107 Tandari\u0107 psihologinja \u00a0 Ostale informacije Iskustvo u savjetovanju\/psihoterapiji:\u00a0DA Primarna podru\u010dja rada:\u00a0profesorica (\u0161kole\/fakulteti),\u00a0Savjetodavni i terapijski rad u okvirima vlastitog obrta\u00a0Ge\u0161taltum, smje\u0161tenog u Osijeku, ulici J.J. Strossmayera 101 Iskustvo u radu s LGBTIQ osobama:\u00a0DA Zavr\u0161ena edukacija:\u00a02018-2020 Dvogodi\u0161nja bazi\u010dna edukacija iz podru\u010dja Ge\u0161talt psihoterapije u sklopu Europski akreditiranog psihoterapijskog trening Instituta za psihoterapiju EAPTI Psihika Edukacija&hellip;","_links":{"self":[{"href":"https:\/\/lori.hr\/en\/wp-json\/wp\/v2\/pages\/4958","targetHints":{"allow":["GET"]}}],"collection":[{"href":"https:\/\/lori.hr\/en\/wp-json\/wp\/v2\/pages"}],"about":[{"href":"https:\/\/lori.hr\/en\/wp-json\/wp\/v2\/types\/page"}],"author":[{"embeddable":true,"href":"https:\/\/lori.hr\/en\/wp-json\/wp\/v2\/users\/1"}],"replies":[{"embeddable":true,"href":"https:\/\/lori.hr\/en\/wp-json\/wp\/v2\/comments?post=4958"}],"version-history":[{"count":4,"href":"https:\/\/lori.hr\/en\/wp-json\/wp\/v2\/pages\/4958\/revisions"}],"predecessor-version":[{"id":4962,"href":"https:\/\/lori.hr\/en\/wp-json\/wp\/v2\/pages\/4958\/revisions\/4962"}],"wp:attachment":[{"href":"https:\/\/lori.hr\/en\/wp-json\/wp\/v2\/media?parent=4958"}],"curies":[{"name":"wp","href":"https:\/\/api.w.org\/{rel}","templated":true}]}}